{"id":568422,"date":"2026-08-05T10:27:32","date_gmt":"2026-08-05T07:27:32","guid":{"rendered":"https:\/\/viljandi.koduleheexpert.ee\/recommendations\/pirmo-reizi-viljandi\/"},"modified":"2026-08-05T10:27:32","modified_gmt":"2026-08-05T07:27:32","slug":"pirmo-reizi-viljandi","status":"publish","type":"recommendation","link":"https:\/\/visitviljandi.ee\/lv\/recommendations\/pirmo-reizi-viljandi\/","title":{"rendered":"Pirmo reizi Viljandi"},"content":{"rendered":"\n<h2 class=\"wp-block-heading\">Ko redz\u0113t un dar\u012bt vien\u0101 dien\u0101<\/h2>\n\n<p class=\"wp-block-paragraph\">Dodies uz Viljandi pirmo reizi?  <strong>Tevi gaida v\u0113sturisk\u0101 vecpils\u0113ta, gleznainie pils kalni, ezera skati un dz\u012bv\u012bga kult\u016bras dz\u012bve.<\/strong>  Viljandi apbur ar savu mier\u012bgo dz\u012bves ritmu, nedaudz boh\u0113misko noska\u0146u, m\u0101j\u012bgaj\u0101m viet\u0101m un draudz\u012bgajiem cilv\u0113kiem.<\/p>\n\n<p class=\"wp-block-paragraph\">Da\u017ereiz Viljandi tiek sal\u012bdzin\u0101ta ar It\u0101lijas mazpils\u0113t\u0101m \u2013 st\u0101v\u0101s nog\u0101zes, ezera skati un kr\u0101sain\u0101s m\u0101jas rada vienlaikus m\u0101j\u012bgu un nedaudz dienvidniecisku noska\u0146u.<\/p>\n\n<h2 class=\"wp-block-heading\">Fakti par Viljandi<\/h2>\n\n<ul class=\"wp-block-list\">\n<li>Viljandi atrodas uz Vidusigaunijas un Dienvidigaunijas robe\u017eas.<\/li>\n\n\n\n<li>Pils\u0113t\u0101 dz\u012bvo aptuveni 17 000 cilv\u0113ku.<\/li>\n\n\n\n<li>Rakstiskos avotos Viljandi pirmo reizi min\u0113ta 1211. gad\u0101. <\/li>\n\n\n\n<li>Viljandi ir <a href=\"https:\/\/www.unesco.org\/en\/creative-cities\/viljandi\" data-type=\"link\" data-id=\"https:\/\/www.unesco.org\/en\/creative-cities\/viljandi\">UNESCO <\/a>rado\u0161\u0101 pils\u0113ta amatniec\u012bbas un tautas m\u0101kslas jom\u0101.<\/li>\n\n\n\n<li>Viljandi paz\u012bstam\u0101kais pas\u0101kums ir etnom\u016bzikas festiv\u0101ls jeb Viljandi Folk.<\/li>\n<\/ul>\n\n<h2 class=\"wp-block-heading\">K\u0101p\u0113c doties uz Viljandi?<\/h2>\n\n<p class=\"wp-block-paragraph\">Viljandi ir piem\u0113rota <strong>nelielam izbraucienam<\/strong>, <strong>romantisk\u0101m br\u012bvdien\u0101m<\/strong> vai <strong>ilg\u0101kam atva\u013cin\u0101jumam<\/strong>. \u0160eit ierodas galvenok\u0101rt pils kalnu, ezera, kult\u016bras pas\u0101kumu, laba \u0113diena un savdab\u012bg\u0101s vecpils\u0113tas d\u0113\u013c. \u0160aj\u0101 mazaj\u0101 pils\u0113t\u0101 ietilpst p\u0101rsteidzo\u0161i daudz m\u016bzikas, te\u0101tra, m\u0101kslas un aizraujo\u0161u vietu. V\u0113sturisk\u0101 apri\u0146\u0137a centra cien\u012bgumu papildina universit\u0101tes un kult\u016bras pils\u0113tai rakstur\u012bg\u0101 rado\u0161\u0101 atmosf\u0113ra.   <\/p>\n\n<h2 class=\"wp-block-heading\">Pastaig\u0101jies pa Viljandi vecpils\u0113tu<\/h2>\n\n<p class=\"wp-block-paragraph\">S\u0101c iepaz\u012bt Viljandi no <strong>Vabaduse laukuma<\/strong>. Laukuma vid\u016b slejas <strong>Br\u012bv\u012bbas c\u012b\u0146u piemineklis<\/strong>, bet Vabaduse laukuma st\u016br\u012b atrodas <a href=\"https:\/\/visitviljandi.ee\/lv\/places\/kafejnica-fellin\/\" data-type=\"link\" data-id=\"https:\/\/visitviljandi.ee\/paik\/kohvik-fellin\/\">kafejn\u012bca Fellin<\/a> \u2013 viena no t\u0101m viet\u0101m, kur satiekas gan viet\u0113jie, gan viesi. <\/p>\n\n<p class=\"wp-block-paragraph\">Vecpils\u0113ta ir vieta, kur pils\u0113tas raksturs izpau\u017eas vislab\u0101k. \u0160eit mijas vec\u0101s koka m\u0101jas, za\u013cumos sl\u012bksto\u0161i pagalmi un cien\u012bjamas reprezent\u0101cijas \u0113kas. Da\u017e\u0101s m\u0101j\u0101s darbojas <a href=\"https:\/\/visitviljandi.ee\/lv\/velies-apciemot\/interesantas-vietas\/?area=Viljandi+linn&#038;category=teemaviited_teemaviide_Galerii\" data-type=\"link\" data-id=\"https:\/\/visitviljandi.ee\/tuled-kulla\/ponevad-paigad\/?area=Viljandi+linn&amp;category=teemaviited_teemaviide_Galerii\">galerija<\/a>, cit\u0101s \u2013 <a href=\"https:\/\/visitviljandi.ee\/lv\/velies-apciemot\/interesantas-vietas\/?area=Viljandi+linn&#038;category=teemaviited_teemaviide_Eestik%C3%A4sit%C3%B6%C3%B6\" data-type=\"link\" data-id=\"https:\/\/visitviljandi.ee\/tuled-kulla\/ponevad-paigad\/?area=Viljandi+linn&amp;category=teemaviited_teemaviide_Eestik%C3%A4sit%C3%B6%C3%B6\">amatnieku veikals <\/a>vai maza <a href=\"https:\/\/visitviljandi.ee\/lv\/velies-apciemot\/edieni-un-dzerieni\/?area=Viljandi+linn&#038;category=yldine_toit_kohv\" data-type=\"link\" data-id=\"https:\/\/visitviljandi.ee\/tuled-kulla\/toit-jook\/?area=Viljandi+linn&amp;category=yldine_toit_kohv\">kafejn\u012bca<\/a>. Ielas ir pat\u012bkami l\u012bkumotas, aicinot uz nedaudz bezm\u0113r\u0137\u012bgu kl\u012b\u0161anu.   <\/p>\n\n<p class=\"wp-block-paragraph\">Vai zin\u0101ji, ka Viljandi ietilpst <a href=\"https:\/\/www.unesco.org\/en\/creative-cities\/viljandi\" data-type=\"link\" data-id=\"https:\/\/www.unesco.org\/en\/creative-cities\/viljandi\">UNESCO <\/a>rado\u0161o pils\u0113tu t\u012bkl\u0101? Rado\u0161ums \u0161eit nav nekas atsevi\u0161\u0137s, bet gan da\u013ca no dz\u012bves. Iegriezies k\u0101d\u0101 amatnieku veikal\u0101 vai m\u0101kslas galerij\u0101.  <\/p>\n\n<p class=\"wp-block-paragraph\">Ar\u012b Viljandi kafejn\u012bcu kult\u016bra ir da\u013ca no pils\u0113tas identit\u0101tes. \u0160eit ir pat\u012bkami atvilkt elpu, pas\u016bt\u012bt v\u0113l vienu tasi kafijas un v\u0113rot, k\u0101 pils\u0113ta dz\u012bvo savu dz\u012bvi. <\/p>\n\n<h2 class=\"wp-block-heading\">Viljandi pils kalni \u2013 pils\u0113tas v\u0113sturisk\u0101 sirds<\/h2>\n\n<p class=\"wp-block-paragraph\">Ja jaut\u0101 viet\u0113jiem, kurp pirmajam apmekl\u0113t\u0101jam noteikti vajadz\u0113tu doties, atbilde bie\u017ei skan vien\u0101di \u2013 <strong>uz pils kalniem<\/strong>. Tie\u0161i \u0161eit atrodas Viljandi v\u0113sturisk\u0101 sirds. <\/p>\n\n<p class=\"wp-block-paragraph\">K\u0101dreiz\u0113j\u0101s <a href=\"https:\/\/visitviljandi.ee\/lv\/places\/viljandi-pils-parks\/\" data-type=\"link\" data-id=\"https:\/\/visitviljandi.ee\/paik\/viljandi-lossipark\/\">orde\u0146a pils <\/a>iespaid\u012bg\u0101s drupas st\u0101sta vair\u0101k nek\u0101 septi\u0146simt gadu ilgu st\u0101stu. No pils kalnu augstaj\u0101m nog\u0101z\u0113m paveras skats uz ezeru, un ir viegli saprast, k\u0101p\u0113c tie\u0161i \u0161\u012b vieta savulaik tika izv\u0113l\u0113ta pils cel\u0161anai. <\/p>\n\n<p class=\"wp-block-paragraph\">Pils kalni ir vienlaikus v\u0113sturiska vieta un iem\u012b\u013cots <a href=\"https:\/\/visitviljandi.ee\/lv\/places\/viljandi-pils-parks\/\" data-type=\"link\" data-id=\"https:\/\/visitviljandi.ee\/paik\/viljandi-lossipark\/\">pils\u0113tas parks<\/a>. Viens no Viljandi simboliem ir \u0161eit eso\u0161ais <a href=\"https:\/\/visitviljandi.ee\/lv\/places\/vilandes-piekaramais-tilts\/\" data-type=\"link\" data-id=\"https:\/\/visitviljandi.ee\/paik\/viljandi-rippsild\/\">iek\u0101rtais tilts<\/a>, pie kura apst\u0101jas gandr\u012bz ikviens apmekl\u0113t\u0101js. <\/p>\n\n<p class=\"wp-block-paragraph\">No pils kalniem paveras ar\u012b pils\u0113tas skaist\u0101kie skati uz lej\u0101 ielej\u0101 mirdzo\u0161o ezeru.<\/p>\n\n<h2 class=\"wp-block-heading\">Viljandi ezers<\/h2>\n\n<p class=\"wp-block-paragraph\">Daudziem tie\u0161i Viljandi ezers ir pils\u0113tas paz\u012bstam\u0101kais simbols \u2013 \u0161eit pastaig\u0101jas, sporto, brauc ar laiv\u0101m vai ierodas apbr\u012bnot saulrietu.<\/p>\n\n<p class=\"wp-block-paragraph\">Ja tev ir laiks, dodies lejup pa Trepim\u00e4e ielu un k\u0101pn\u0113m l\u012bdz ezeram. Vasar\u0101 pie ezera ir daudz dz\u012bv\u012bbas, ta\u010du ar\u012b citos gadalaikos tie\u0161i \u0161eit var sajust, cik cie\u0161i Viljandi ir saist\u012bta ar dabu. <\/p>\n\n<p class=\"wp-block-paragraph\">Starp citu, vai zin\u0101ji, ka Viljandi paties\u012bb\u0101 ir divi ezeri? Paala ezeru ir v\u0113rts iepaz\u012bt n\u0101kamaj\u0101 reiz\u0113. <\/p>\n\n<h2 class=\"wp-block-heading\">Kult\u016bras un sporta pils\u0113ta Viljandi<\/h2>\n\n<p class=\"wp-block-paragraph\">Vis\u0101 pasaul\u0113 paz\u012bstamais Viljandi etnom\u016bzikas festiv\u0101ls jeb <a href=\"https:\/\/www.viljandifolk.ee\/\" data-type=\"link\" data-id=\"https:\/\/www.viljandifolk.ee\/\">Viljandi Folk<\/a>, le\u0123end\u0101rais <a href=\"https:\/\/viljandijarvejooks.ee\/\" data-type=\"link\" data-id=\"https:\/\/viljandijarvejooks.ee\/\">skrejiens ap ezeru<\/a>, te\u0101tri <a href=\"https:\/\/www.ugala.ee\/\" data-type=\"link\" data-id=\"https:\/\/www.ugala.ee\/\">Ugala <\/a>un <a href=\"https:\/\/www.temufi.ee\/\" data-type=\"link\" data-id=\"https:\/\/www.temufi.ee\/\">Temufi<\/a>, ziemas slido\u0161anas maratons, <a href=\"https:\/\/folk.ee\/et\" data-type=\"link\" data-id=\"https:\/\/folk.ee\/et\">Etnom\u016bzikas kl\u0113ts (P\u00e4rimusmuusika Ait)<\/a> bl\u012bv\u0101 kult\u016bras programma, neskait\u0101mi koncerti un izst\u0101des, da\u017e\u0101di sporta pas\u0101kumi un kopienas notikumi pie\u0161\u0137ir dz\u012bvei ritmu, kas sniedzas t\u0101lu p\u0101ri pils\u0113tas izm\u0113ram. Viljandi eso\u0161\u0101 <a href=\"https:\/\/viljandi.ut.ee\/et\" data-type=\"link\" data-id=\"https:\/\/viljandi.ut.ee\/et\">Tartu Universit\u0101tes Kult\u016bras akad\u0113mija <\/a>piesaista jaunos rad\u012bt\u0101jus, m\u016bzi\u0137us un amatniekus, pal\u012bdzot uztur\u0113t rado\u0161o gaisotni dz\u012bvu. <\/p>\n\n<h2 class=\"wp-block-heading\">Viljandi tevi vienm\u0113r gaida atpaka\u013c<\/h2>\n\n<p class=\"wp-block-paragraph\">Vienas dienas laik\u0101 tu pasp\u0113si pastaig\u0101ties pa vecpils\u0113tu, atkl\u0101t viduslaiku pilsdrupas, izbaud\u012bt ezera skatus, labi pa\u0113st un izjust mier\u012bgo mazpils\u0113tas atmosf\u0113ru. Tom\u0113r rodas saj\u016bta, ka v\u0113l daudz kas ir atkl\u0101jams. Ja tev ir t\u0101da pati doma, apskati \u0161os ieteikumus:  <\/p>\n\n<ul class=\"wp-block-list\">\n<li><strong><a href=\"https:\/\/visitviljandi.ee\/lv\/?post_type=recommendation&amp;p=568377\" data-type=\"recommendation\" data-id=\"567581\">Ned\u0113\u013cas nogale Viljandi apri\u0146\u0137\u012b<\/a><\/strong> \u2013 idejas vair\u0101k\u0101m dien\u0101m;<\/li>\n\n\n\n<li><strong><a href=\"https:\/\/visitviljandi.ee\/lv\/?post_type=recommendation&amp;p=568413\" data-type=\"recommendation\" data-id=\"567577\">Kult\u016bras cien\u012bt\u0101ja Viljandi<\/a><\/strong> \u2013 v\u0113sture un m\u016bsdienas, apskates objekti un pas\u0101kumi;<\/li>\n\n\n\n<li><strong><a href=\"https:\/\/visitviljandi.ee\/lv\/?post_type=recommendation&amp;p=568401\" data-type=\"recommendation\" data-id=\"567579\">Viljandi kop\u0101 ar b\u0113rniem<\/a><\/strong> \u2013 lab\u0101k\u0101s idejas laika pavad\u012b\u0161anai ar b\u0113rniem;<\/li>\n\n\n\n<li><strong><a href=\"https:\/\/visitviljandi.ee\/soovitused\/perepuhkus-viljandimaal\/\" data-type=\"recommendation\" data-id=\"567575\">\u0122imenes br\u012bvdienas Viljandim\u0101<\/a><\/strong> \u2013 aizraujo\u0161as vietas un jaukas aktivit\u0101tes vis\u0101 novad\u0101.<\/li>\n<\/ul>\n\n<p class=\"wp-block-paragraph\"><\/p>\n","protected":false},"excerpt":{"rendered":"<p>Ko redz\u0113t un dar\u012bt vien\u0101 dien\u0101 Dodies uz Viljandi pirmo reizi? Tevi gaida v\u0113sturisk\u0101 vecpils\u0113ta, gleznainie pils kalni, ezera skati un dz\u012bv\u012bga kult\u016bras dz\u012bve. Viljandi apbur ar savu mier\u012bgo dz\u012bves ritmu, nedaudz boh\u0113misko noska\u0146u, m\u0101j\u012bgaj\u0101m viet\u0101m un draudz\u012bgajiem cilv\u0113kiem. Da\u017ereiz Viljandi tiek sal\u012bdzin\u0101ta ar It\u0101lijas mazpils\u0113t\u0101m \u2013 st\u0101v\u0101s nog\u0101zes, ezera skati un kr\u0101sain\u0101s m\u0101jas rada [&hellip;]<\/p>\n","protected":false},"author":17,"featured_media":568274,"menu_order":0,"template":"","recommendation-category":[875],"recommendation-tag":[876],"class_list":["post-568422","recommendation","type-recommendation","status-publish","has-post-thumbnail","hentry","recommendation-category-piedzivojumi-daba-kopa-busana","recommendation-tag-pirmajam-apmeklejumam"],"acf":[],"_links":{"self":[{"href":"https:\/\/visitviljandi.ee\/lv\/wp-json\/wp\/v2\/recommendation\/568422","targetHints":{"allow":["GET"]}}],"collection":[{"href":"https:\/\/visitviljandi.ee\/lv\/wp-json\/wp\/v2\/recommendation"}],"about":[{"href":"https:\/\/visitviljandi.ee\/lv\/wp-json\/wp\/v2\/types\/recommendation"}],"author":[{"embeddable":true,"href":"https:\/\/visitviljandi.ee\/lv\/wp-json\/wp\/v2\/users\/17"}],"version-history":[{"count":3,"href":"https:\/\/visitviljandi.ee\/lv\/wp-json\/wp\/v2\/recommendation\/568422\/revisions"}],"predecessor-version":[{"id":570546,"href":"https:\/\/visitviljandi.ee\/lv\/wp-json\/wp\/v2\/recommendation\/568422\/revisions\/570546"}],"wp:featuredmedia":[{"embeddable":true,"href":"https:\/\/visitviljandi.ee\/lv\/wp-json\/wp\/v2\/media\/568274"}],"wp:attachment":[{"href":"https:\/\/visitviljandi.ee\/lv\/wp-json\/wp\/v2\/media?parent=568422"}],"wp:term":[{"taxonomy":"recommendation-category","embeddable":true,"href":"https:\/\/visitviljandi.ee\/lv\/wp-json\/wp\/v2\/recommendation-category?post=568422"},{"taxonomy":"recommendation-tag","embeddable":true,"href":"https:\/\/visitviljandi.ee\/lv\/wp-json\/wp\/v2\/recommendation-tag?post=568422"}],"curies":[{"name":"wp","href":"https:\/\/api.w.org\/{rel}","templated":true}]}}