{"id":568413,"date":"2026-08-05T10:27:32","date_gmt":"2026-08-05T07:27:32","guid":{"rendered":"https:\/\/viljandi.koduleheexpert.ee\/recommendations\/viljandi-kulturas-cienitajam\/"},"modified":"2026-08-05T10:27:32","modified_gmt":"2026-08-05T07:27:32","slug":"viljandi-kulturas-cienitajam","status":"publish","type":"recommendation","link":"https:\/\/visitviljandi.ee\/lv\/recommendations\/viljandi-kulturas-cienitajam\/","title":{"rendered":"Viljandi kult\u016bras cien\u012bt\u0101jam"},"content":{"rendered":"\n<h1 class=\"wp-block-heading\">Kult\u016bras cien\u012bt\u0101ja Viljandi \u2013 pils\u0113ta, kur\u0101 kult\u016bra ir ikdienas sast\u0101vda\u013ca<\/h1>\n\n<p class=\"wp-block-paragraph\">Viljandi ir viena no Igaunijas noz\u012bm\u012bg\u0101kaj\u0101m kult\u016bras pils\u0113t\u0101m \u2013 mantojuma pils\u0113ta, te\u0101tra pils\u0113ta, <a href=\"https:\/\/www.unesco.org\/en\/creative-cities\/viljandi\" data-type=\"link\" data-id=\"https:\/\/www.unesco.org\/en\/creative-cities\/viljandi\">UNESCO rado\u0161\u0101 pils\u0113ta<\/a>.<\/p>\n\n<p class=\"wp-block-paragraph\">\u0160ejienes reljef\u0101 ainava, skati uz ezeru un vecpils\u0113ta ir iedvesmoju\u0161i m\u0101kslinieku, rakstnieku un m\u016bzi\u0137u paaudzes. Kult\u016bra \u0161eit ir j\u016btama ik uz so\u013ca \u2013 gan uz ielu st\u016briem, gan da\u017e\u0101dos pas\u0101kumos.  <\/p>\n\n<h2 class=\"wp-block-heading\">K\u0101 vislab\u0101k izbaud\u012bt kult\u016bru Viljandi?<\/h2>\n\n<ul class=\"wp-block-list\">\n<li>Pastaig\u0101jies pa pils\u0113tu bez noteikta pl\u0101na;<\/li>\n\n\n\n<li>apmekl\u0113 k\u0101du muzeju vai galeriju;<\/li>\n\n\n\n<li>pavadi vakaru te\u0101tr\u012b vai koncert\u0101;<\/li>\n\n\n\n<li>iegriezies Tradicion\u0101l\u0101s m\u016bzikas centr\u0101 \u201cAit\u201d;<\/li>\n\n\n\n<li>atv\u0113li laiku, lai pas\u0113d\u0113tu kafejn\u012bc\u0101 un pav\u0113rotu cilv\u0113kus;<\/li>\n\n\n\n<li>atgriezies k\u0101da festiv\u0101la laik\u0101 un ieraudz\u012bsi pils\u0113tu pavisam cit\u0101 gaism\u0101.<\/li>\n<\/ul>\n\n<h2 class=\"wp-block-heading\">Pils\u0113ta k\u0101 piedz\u012bvojums<\/h2>\n\n<p class=\"wp-block-paragraph\">Kult\u016bras cien\u012bt\u0101js, it \u012bpa\u0161i arhitekt\u016bras entuziasts, Viljandi var\u0113tu staig\u0101t bezgal\u012bgi. Pils\u0113ta pati ir k\u0101 br\u012bvdabas muzejs, kur\u0101 mijas viduslaiku bazn\u012bcas, kr\u0101sainas koka m\u0101jas, j\u016bgendstila villas un modernas \u0113kas. V\u0113rts piev\u0113rst uzman\u012bbu ar\u012b skulpt\u016br\u0101m un pieminek\u013ciem, kas t\u0101pat st\u0101sta pils\u0113tas st\u0101stu.  <\/p>\n\n<p class=\"wp-block-paragraph\">Vienu aizraujo\u0161u iesp\u0113ju pils\u0113tvides iepaz\u012b\u0161anai pied\u0101v\u0101 <strong>mar\u0161ruts \u201cGleznu ce\u013c\u0161 ar Viljandi skatiem\u201d<\/strong>. Da\u017e\u0101d\u0101s pils\u0113tas viet\u0101s atrodas paz\u012bstamu m\u0101kslinieku darbu reprodukcijas, kur\u0101s att\u0113loti tie pa\u0161i skati, ko apmekl\u0113t\u0101js redz sev apk\u0101rt, t\u0101d\u0113j\u0101di aizvedot savdab\u012bg\u0101 ce\u013cojum\u0101 laik\u0101. <\/p>\n\n<h2 class=\"wp-block-heading\">Te\u0101tra pils\u0113ta Viljandi<\/h2>\n\n<p class=\"wp-block-paragraph\">Te\u0101trim Viljandi ir \u012bpa\u0161a vieta, un te\u0101tra baud\u012bjums bie\u017ei vien ir tas magn\u0113ts, kas atved apmekl\u0113t\u0101ju uz Viljandi.<\/p>\n\n<p class=\"wp-block-paragraph\"><a href=\"https:\/\/www.ugala.ee\/\" data-type=\"link\" data-id=\"https:\/\/www.ugala.ee\/\">Ugala te\u0101tris<\/a> ir viens no pils\u0113tas simboliem. Pat ja nepasp\u0113j uz izr\u0101di, ir v\u0113rts aiziet l\u012bdz te\u0101trim, lai apmekl\u0113tu kafejn\u012bcu vai apbr\u012bnotu skatus, kas paveras no teras\u0113m. <\/p>\n\n<p class=\"wp-block-paragraph\">Aizraujo\u0161as izr\u0101des pied\u0101v\u0101 mazais un elast\u012bgais te\u0101tris <a href=\"https:\/\/www.temufi.ee\/\" data-type=\"link\" data-id=\"https:\/\/www.temufi.ee\/\">Temufi<\/a>, kas Viljandi kult\u016bras ainavai ir pie\u0161\u0137\u012bris savdab\u012bgu papildu sl\u0101ni. Te\u0101tra dz\u012bvi pal\u012bdz veidot ar\u012b Kult\u016bras akad\u0113mija, kur\u0101 savus pirmos noz\u012bm\u012bgos so\u013cus ir sp\u0113ru\u0161i daudzi paz\u012bstami Igaunijas aktieri un te\u0101tra darbinieki. <\/p>\n\n<h2 class=\"wp-block-heading\">Trad\u012bcijas \u0161eit dz\u012bvo t\u0101l\u0101k<\/h2>\n\n<p class=\"wp-block-paragraph\">Ja da\u017eviet mantojums tiek glab\u0101ts galvenok\u0101rt muzejos, tad Viljandi tradicion\u0101l\u0101 kult\u016bra ir dz\u012bva m\u016bsdienu sast\u0101vda\u013ca.<\/p>\n\n<p class=\"wp-block-paragraph\">Zin\u0101m\u0101kais piem\u0113rs ir <strong>Viljandi tradicion\u0101l\u0101s m\u016bzikas festiv\u0101ls<\/strong> jeb <a href=\"https:\/\/www.viljandifolk.ee\/\" data-type=\"link\" data-id=\"https:\/\/www.viljandifolk.ee\/\">Viljandi Folk<\/a>. Katru gadu j\u016blija p\u0113d\u0113j\u0101 ned\u0113\u013cas nogal\u0113 visa pils\u0113ta p\u0101rv\u0113r\u0161as par vienu lielu koncertvietu. M\u016bzika skan pilsdrup\u0101s, iek\u0161pagalmos un iel\u0101s, un \u0161\u0137iet, ka visa pils\u0113ta dz\u012bvo vien\u0101 ritm\u0101.  <\/p>\n\n<p class=\"wp-block-paragraph\">Ta\u010du trad\u012bcijas neaprobe\u017eojas tikai ar vienu festiv\u0101lu.<\/p>\n\n<p class=\"wp-block-paragraph\"><a href=\"https:\/\/folk.ee\/et\" data-type=\"link\" data-id=\"https:\/\/folk.ee\/et\">Tradicion\u0101l\u0101s m\u016bzikas centrs \u201cAit\u201d<\/a> visu gadu ir viens no <strong>Viljandi kult\u016bras dz\u012bves centriem<\/strong>. <strong>Koncerti<\/strong>, <strong>deju vakari<\/strong>, <strong>izst\u0101des<\/strong> un da\u017e\u0101das tik\u0161an\u0101s sniedz iesp\u0113ju baud\u012bt tradicion\u0101lo kult\u016bru ar\u012b tad, kad l\u012bdz festiv\u0101lam v\u0113l ir vair\u0101ki m\u0113ne\u0161i.<\/p>\n\n<p class=\"wp-block-paragraph\">Mantojumu var sastapt ar\u012b <strong>amatnieku veikalos<\/strong>, <strong>galerij\u0101s<\/strong> un <strong>vecpils\u0113tas mazaj\u0101s darbn\u012bc\u0101s<\/strong>. Nav nejau\u0161\u012bba, ka Viljandi pieder UNESCO rado\u0161o pils\u0113tu t\u012bklam tie\u0161i amatniec\u012bbas un tautas m\u0101kslas jom\u0101. <\/p>\n\n<h2 class=\"wp-block-heading\">Muzeji, galerijas un mazie atkl\u0101jumi<\/h2>\n\n<p class=\"wp-block-paragraph\">Kult\u016bras cien\u012bt\u0101js noteikti tiek gaid\u012bts <a href=\"https:\/\/muuseum.viljandimaa.ee\/www\/\" data-type=\"link\" data-id=\"https:\/\/muuseum.viljandimaa.ee\/www\/\">Viljandi muzej\u0101<\/a>. T\u0101 ekspoz\u012bcijas pal\u012bdz rad\u012bt nepiecie\u0161amo kontekstu \u2013 k\u0101 pils\u0113ta ir veidojusies, k\u0101da bija dz\u012bve viduslaiku Viljandi un k\u0101 da\u017e\u0101di laikmeti ir atst\u0101ju\u0161i savas p\u0113das \u0161odienas pils\u0113tvid\u0113. <\/p>\n\n<p class=\"wp-block-paragraph\">\u012apa\u0161u p\u0101rdz\u012bvojumu sniedz <a href=\"https:\/\/kondas.ee\/et\" data-type=\"link\" data-id=\"https:\/\/kondas.ee\/et\">Kondasa centrs<\/a>, kas velt\u012bts autsaideru m\u0101kslas iepaz\u012bstin\u0101\u0161anai. Centrs nes no Viljandi n\u0101ku\u0161\u0101 m\u0101kslinieka Paula Kondasa v\u0101rdu, un tie\u0161i no vi\u0146a gleznas \u201cZeme\u0146u \u0113d\u0101ji\u201d ir c\u0113lies viens no Viljandi iem\u012b\u013cot\u0101kajiem simboliem. <\/p>\n\n<p class=\"wp-block-paragraph\">P\u0101rvietojoties pa Viljandi vecpils\u0113tu, tu noteikti paman\u012bsi ne tikai zeme\u0146u skulpt\u016bras, bet ar\u012b rota\u013c\u012bgus ka\u0137us, kas pils\u0113tvidei pie\u0161\u0137ir siltumu un raksturu.<\/p>\n\n<h2 class=\"wp-block-heading\">Pils\u0113ta, kur\u0101 vienm\u0113r kaut kas notiek<\/h2>\n\n<p class=\"wp-block-paragraph\">Viljandi kult\u016bras kalend\u0101rs ir p\u0101rsteidzo\u0161i bl\u012bvs. Folkam pievienojas citi <strong>m\u016bzikas festiv\u0101li, Hanzas dienas, te\u0101tra izr\u0101des, izst\u0101des, koncerti<\/strong> un <strong>sporta pas\u0101kumi<\/strong>. Ar\u012b piln\u012bgi parast\u0101 dien\u0101 var gad\u012bties nok\u013c\u016bt k\u0101d\u0101 neliel\u0101 kopienas pas\u0101kum\u0101 vai jaunas izst\u0101des atkl\u0101\u0161an\u0101. \u0160\u012b saj\u016bta, ka vienm\u0113r kaut kas notiek, ir viens no iemesliem, k\u0101p\u0113c Viljandi tiek uzskat\u012bta par tik \u012bpa\u0161u kult\u016bras pils\u0113tu.   <\/p>\n\n<h2 class=\"wp-block-heading\">K\u0101p\u0113c kult\u016bras cien\u012bt\u0101ji atgrie\u017eas Viljandi?<\/h2>\n\n<p class=\"wp-block-paragraph\">T\u0101p\u0113c, ka Viljandi kult\u016bra nebeidzas, aizverot muzeja durvis vai izskanot koncerta p\u0113d\u0113jam ska\u0146darbam. \u0160\u012b ir pils\u0113ta, kur\u0101 jaunrade ir da\u013ca no ikdienas dz\u012bves. Bie\u017ei vien tu atkl\u0101j, ka vien\u0101 pils\u0113t\u0101 ietilpst daudz vair\u0101k st\u0101stu, nek\u0101 biji dom\u0101jis. Tas, iesp\u0113jams, ar\u012b ir iemesls, k\u0101p\u0113c kult\u016bras cien\u012bt\u0101ji \u0161eit atgrie\u017eas v\u0113l un v\u0113l.   <\/p>\n\n<p class=\"wp-block-paragraph\">Lasi ar\u012b citus ieteikumus:<\/p>\n\n<ul class=\"wp-block-list\">\n<li><strong><a href=\"https:\/\/visitviljandi.ee\/soovitused\/esimest-korda-viljandis\/\" data-type=\"recommendation\" data-id=\"567571\">Pirmo reizi Viljandi<\/a><\/strong> \u2013 ko dar\u012bt un redz\u0113t pirmaj\u0101 apmekl\u0113juma reiz\u0113<\/li>\n\n\n\n<li><strong><a href=\"https:\/\/visitviljandi.ee\/lv\/?post_type=recommendation&amp;p=568377\" data-type=\"recommendation\" data-id=\"567581\">Ned\u0113\u013cas nogale Viljandi apri\u0146\u0137\u012b<\/a><\/strong> \u2013 idejas vair\u0101k\u0101m dien\u0101m;<\/li>\n\n\n\n<li><strong><a href=\"https:\/\/visitviljandi.ee\/lv\/?post_type=recommendation&amp;p=568401\" data-type=\"recommendation\" data-id=\"567579\">Viljandi kop\u0101 ar b\u0113rniem<\/a><\/strong> \u2013 lab\u0101k\u0101s idejas laika pavad\u012b\u0161anai kop\u0101 ar b\u0113rniem;<\/li>\n\n\n\n<li><strong><a href=\"https:\/\/visitviljandi.ee\/soovitused\/perepuhkus-viljandimaal\/\" data-type=\"recommendation\" data-id=\"567575\">\u0122imenes br\u012bvdienas Viljandim\u0101<\/a><\/strong> \u2013 aizraujo\u0161as vietas un jaukas aktivit\u0101tes vis\u0101 novad\u0101.<\/li>\n<\/ul>\n\n<p class=\"wp-block-paragraph\"><\/p>\n","protected":false},"excerpt":{"rendered":"<p>Kult\u016bras cien\u012bt\u0101ja Viljandi \u2013 pils\u0113ta, kur\u0101 kult\u016bra ir ikdienas sast\u0101vda\u013ca Viljandi ir viena no Igaunijas noz\u012bm\u012bg\u0101kaj\u0101m kult\u016bras pils\u0113t\u0101m \u2013 mantojuma pils\u0113ta, te\u0101tra pils\u0113ta, UNESCO rado\u0161\u0101 pils\u0113ta. \u0160ejienes reljef\u0101 ainava, skati uz ezeru un vecpils\u0113ta ir iedvesmoju\u0161i m\u0101kslinieku, rakstnieku un m\u016bzi\u0137u paaudzes. Kult\u016bra \u0161eit ir j\u016btama ik uz so\u013ca \u2013 gan uz ielu st\u016briem, gan da\u017e\u0101dos [&hellip;]<\/p>\n","protected":false},"author":17,"featured_media":570514,"menu_order":3,"template":"","recommendation-category":[872],"recommendation-tag":[],"class_list":["post-568413","recommendation","type-recommendation","status-publish","has-post-thumbnail","hentry","recommendation-category-teatris-tradicijas-un-radosa-pilseta"],"acf":[],"_links":{"self":[{"href":"https:\/\/visitviljandi.ee\/lv\/wp-json\/wp\/v2\/recommendation\/568413","targetHints":{"allow":["GET"]}}],"collection":[{"href":"https:\/\/visitviljandi.ee\/lv\/wp-json\/wp\/v2\/recommendation"}],"about":[{"href":"https:\/\/visitviljandi.ee\/lv\/wp-json\/wp\/v2\/types\/recommendation"}],"author":[{"embeddable":true,"href":"https:\/\/visitviljandi.ee\/lv\/wp-json\/wp\/v2\/users\/17"}],"version-history":[{"count":2,"href":"https:\/\/visitviljandi.ee\/lv\/wp-json\/wp\/v2\/recommendation\/568413\/revisions"}],"predecessor-version":[{"id":568415,"href":"https:\/\/visitviljandi.ee\/lv\/wp-json\/wp\/v2\/recommendation\/568413\/revisions\/568415"}],"wp:featuredmedia":[{"embeddable":true,"href":"https:\/\/visitviljandi.ee\/lv\/wp-json\/wp\/v2\/media\/570514"}],"wp:attachment":[{"href":"https:\/\/visitviljandi.ee\/lv\/wp-json\/wp\/v2\/media?parent=568413"}],"wp:term":[{"taxonomy":"recommendation-category","embeddable":true,"href":"https:\/\/visitviljandi.ee\/lv\/wp-json\/wp\/v2\/recommendation-category?post=568413"},{"taxonomy":"recommendation-tag","embeddable":true,"href":"https:\/\/visitviljandi.ee\/lv\/wp-json\/wp\/v2\/recommendation-tag?post=568413"}],"curies":[{"name":"wp","href":"https:\/\/api.w.org\/{rel}","templated":true}]}}