{"id":570531,"date":"2026-08-05T10:18:58","date_gmt":"2026-08-05T07:18:58","guid":{"rendered":"https:\/\/visitviljandi.ee\/velies-apciemot\/svarigakie-notikumi\/"},"modified":"2026-08-05T10:18:58","modified_gmt":"2026-08-05T07:18:58","slug":"svarigakie-notikumi","status":"publish","type":"page","link":"https:\/\/visitviljandi.ee\/lv\/velies-apciemot\/svarigakie-notikumi\/","title":{"rendered":"Svar\u012bg\u0101kie notikumi"},"content":{"rendered":"\n<h2 class=\"wp-block-heading\">Kult\u016bra un sports visa gada garum\u0101<\/h2>\n\n<p class=\"wp-block-paragraph\">Viljandi pils\u0113t\u0101 un novad\u0101 katr\u0101 gadalaik\u0101 notiek daudzveid\u012bgi pas\u0101kumi. \u0160eit savu iecien\u012bt\u0101ko nodarbi atrad\u012bs gan akt\u012bvas atp\u016btas mekl\u0113t\u0101ji \u0123imenes lok\u0101, gan augst\u0101s kult\u016bras cien\u012bt\u0101ji, gan m\u016bzikas un te\u0101tra draugi. Profesion\u0101lus sportistus un amatierus piesaista pavasara <em><strong>lielskr\u0113jiens apk\u0101rt Viljandi ezeram<\/strong><\/em>, k\u0101 ar\u012b vair\u0101kas rite\u0146brauk\u0161anas sacens\u012bbas. Vasaras sezonas atkl\u0101\u0161anas pas\u0101kums visai \u0123imenei tradicion\u0101li ir Hanzas dienas. Vasaras laik\u0101 Viljandi apri\u0146\u0137\u012b notiek vair\u0101ki iem\u012b\u013coti m\u016bzikas pas\u0101kumi no S\u016bre-J\u0101ni l\u012bdz pat Mulgim\u0101, no kuriem liel\u0101kais ir le\u0123end\u0101rais <em><strong>Viljandi pamatm\u016bzikas festiv\u0101ls<\/strong><\/em> jeb vienk\u0101r\u0161i Viljandi Folks \u2013 viens no liel\u0101kajiem folkm\u016bzikas pas\u0101kumiem Eirop\u0101, kas notiek katru gadu j\u016blij\u0101.     <\/p>\n\n<p class=\"wp-block-paragraph\">L\u012bdztekus galvenajiem notikumiem visa gada garum\u0101 notiek daudz aizraujo\u0161a \u2013 par visiem pas\u0101kumiem vari g\u016bt p\u0101rskatu daudzveid\u012bgaj\u0101 <a href=\"https:\/\/visitviljandi.ee\/lv\/velies-apciemot\/kulturas-programma\/\" target=\"_blank\" rel=\"noreferrer noopener\">pas\u0101kumu kalend\u0101ra<\/a> lap\u0101.<\/p>\n\n<h2 class=\"wp-block-heading\" id=\"hansapaevad\">Hanzas dienas<\/h2>\n\n<h3 class=\"wp-block-heading\" id=\"27-29-august-2021\">5.-7. 2026. gada j\u016bnijs<\/h3>\n\n<h3 class=\"wp-block-heading\" id=\"hansa-viljandi-ee\"><a rel=\"noreferrer noopener\" href=\"http:\/\/hansa.viljandi.ee\/\" target=\"_blank\">hansa.viljandi.ee<\/a><\/h3>\n\n<figure class=\"wp-block-image size-large\"><a href=\"https:\/\/visitviljandi.ee\/wp-content\/uploads\/2022\/01\/DSC_7663.jpg\"><img loading=\"lazy\" decoding=\"async\" width=\"1024\" height=\"683\" src=\"https:\/\/visitviljandi.ee\/wp-content\/uploads\/2022\/01\/DSC_7663-1024x683.jpg\" alt=\"\" class=\"wp-image-444\" srcset=\"https:\/\/visitviljandi.ee\/wp-content\/uploads\/2022\/01\/DSC_7663-1024x683.jpg 1024w, https:\/\/visitviljandi.ee\/wp-content\/uploads\/2022\/01\/DSC_7663-300x200.jpg 300w, https:\/\/visitviljandi.ee\/wp-content\/uploads\/2022\/01\/DSC_7663-768x512.jpg 768w, https:\/\/visitviljandi.ee\/wp-content\/uploads\/2022\/01\/DSC_7663.jpg 1200w\" sizes=\"auto, (max-width: 1024px) 100vw, 1024px\" \/><\/a><\/figure>\n\n<p class=\"wp-block-paragraph\">Viljandi Hanzas dienas notiek j\u016bnija pirmaj\u0101 ned\u0113\u013cas nogal\u0113. Pas\u0101kums apvieno tradicion\u0101lo ielu tirdzniec\u012bbu ar m\u016bsdien\u012bgiem kopienas notikumiem, pulc\u0113jot \u013caudis no Viljandi un t\u0101s apk\u0101rtnes, Igaunijas un visas pasaules. <\/p>\n\n<h2 class=\"wp-block-heading\" id=\"viljandi-parimusmuusika-festival\">Viljandi pamatm\u016bzikas festiv\u0101ls<\/h2>\n\n<h3 class=\"wp-block-heading\" id=\"22-25-juuli-2021\">23. &#8211; 26. 2026. gada j\u016blijs<\/h3>\n\n<h3 class=\"wp-block-heading\" id=\"viljandifolk-ee\"><a rel=\"noreferrer noopener\" href=\"https:\/\/www.viljandifolk.ee\/en\" target=\"_blank\">viljandifolk.ee<\/a><\/h3>\n\n<figure class=\"wp-block-image size-large\"><a href=\"https:\/\/visitviljandi.ee\/wp-content\/uploads\/2022\/01\/Folk_2.jpg\"><img loading=\"lazy\" decoding=\"async\" width=\"1024\" height=\"683\" src=\"https:\/\/visitviljandi.ee\/wp-content\/uploads\/2022\/01\/Folk_2-1024x683.jpg\" alt=\"\" class=\"wp-image-451\" srcset=\"https:\/\/visitviljandi.ee\/wp-content\/uploads\/2022\/01\/Folk_2-1024x683.jpg 1024w, https:\/\/visitviljandi.ee\/wp-content\/uploads\/2022\/01\/Folk_2-300x200.jpg 300w, https:\/\/visitviljandi.ee\/wp-content\/uploads\/2022\/01\/Folk_2-768x512.jpg 768w, https:\/\/visitviljandi.ee\/wp-content\/uploads\/2022\/01\/Folk_2.jpg 1200w\" sizes=\"auto, (max-width: 1024px) 100vw, 1024px\" \/><\/a><\/figure>\n\n<p class=\"wp-block-paragraph\">Viljandi pamatm\u016bzikas festiv\u0101ls, paz\u012bstams ar\u012b k\u0101 Viljandi folks, jau 30 gadus pulc\u0113 labu m\u016bziku no visas pasaules. J\u016blija p\u0113d\u0113j\u0101 ned\u0113\u013cas nogal\u0113 Viljandi iedz\u012bvot\u0101ju skaits dubultojas, kad pils\u0113t\u0101 ierodas gandr\u012bz 25 000 viesu, lai k\u013c\u016btu par da\u013cu no v\u0113rien\u012bgajiem starptautiskajiem m\u016bzikas sv\u0113tkiem. <\/p>\n\n<h2 class=\"wp-block-heading\" id=\"veel-tahtsundmusi\">V\u0113l svar\u012bg\u0101kie notikumi 2026. gad\u0101<\/h2>\n\n<ul class=\"wp-block-list\">\n<li><a href=\"https:\/\/rattaklubi.ee\/mulgi-uisumaraton\/\"><strong>Mulgi slido\u0161anas maratons<\/strong><\/a> 24. janv\u0101r\u012b<\/li>\n\n\n\n<li><strong><a href=\"https:\/\/rattaklubi.ee\/\" data-type=\"link\" data-id=\"https:\/\/rattaklubi.ee\/\">NAKTS slido\u0161ana<\/a> <\/strong>uz Viljandi ezera 25. janv\u0101r\u012b<\/li>\n\n\n\n<li><a href=\"http:\/\/www.tantsunadal.ee\/\" target=\"_blank\" rel=\"noreferrer noopener\"><strong>Deju ned\u0113\u013ca<\/strong><\/a> 23.\u201329. apr\u012bl\u012b  <\/li>\n\n\n\n<li><strong><a href=\"https:\/\/viljandijarvejooks.ee\/et\/avaleht\" target=\"_blank\" rel=\"noreferrer noopener\">Lielskr\u0113jiens apk\u0101rt Viljandi ezeram<\/a><\/strong> katru gadu 1. maij\u0101 <\/li>\n\n\n\n<li><a href=\"https:\/\/rattaklubi.ee\/\"><strong>Mulgi rite\u0146brauk\u0161anas maratons<\/strong><\/a> 3. maij\u0101 <\/li>\n\n\n\n<li><a href=\"https:\/\/muusikafestival.suure-jaani.ee\/\" data-type=\"URL\" data-id=\"https:\/\/muusikafestival.suure-jaani.ee\/\" target=\"_blank\" rel=\"noreferrer noopener\"><strong>S\u016bre-J\u0101ni m\u016bzikas festiv\u0101ls<\/strong><\/a> 16. &#8211; 23. j\u016bnij\u0101 <\/li>\n\n\n\n<li><strong><a href=\"https:\/\/www.facebook.com\/viljandisuveooper\/\" target=\"_blank\" rel=\"noreferrer noopener\">Viljandi vasaras opera<\/a><\/strong> 2.\u20133. j\u016blij\u0101 <\/li>\n\n\n\n<li><a href=\"https:\/\/www.urissaarekantri.ee\/\" target=\"_blank\" rel=\"noreferrer noopener\"><strong>Urissaare Kantri<\/strong> <\/a>14.\u201315. august\u0101 <\/li>\n\n\n\n<li><a href=\"https:\/\/www.facebook.com\/ViljandiSaunafest\" data-type=\"link\" data-id=\"https:\/\/www.facebook.com\/ViljandiSaunafest\"><strong>Ce\u013cojo\u0161o pirts festiv\u0101ls<\/strong><\/a> 28.\u201329. august\u0101 <\/li>\n\n\n\n<li><strong><a href=\"https:\/\/folk.ee\/teeme\/parimusmuusika-loikuspidu\" data-type=\"link\" data-id=\"https:\/\/folk.ee\/teeme\/parimusmuusika-loikuspidu\">Pamatm\u016bzikas ra\u017eas sv\u0113tki<\/a> <\/strong>2.\u20133. oktobr\u012b <\/li>\n\n\n\n<li><strong><a href=\"http:\/\/viljandiguitar.ee\/\" target=\"_blank\" rel=\"noreferrer noopener\">\u0122it\u0101rm\u016bzikas festiv\u0101ls<\/a><\/strong> 7. &#8211; 11. oktobr\u012b<\/li>\n<\/ul>\n\n<p class=\"wp-block-paragraph\"><\/p>\n","protected":false},"excerpt":{"rendered":"<p>Kult\u016bra un sports visa gada garum\u0101 Viljandi pils\u0113t\u0101 un novad\u0101 katr\u0101 gadalaik\u0101 notiek daudzveid\u012bgi pas\u0101kumi. \u0160eit savu iecien\u012bt\u0101ko nodarbi atrad\u012bs gan akt\u012bvas atp\u016btas mekl\u0113t\u0101ji \u0123imenes lok\u0101, gan augst\u0101s kult\u016bras cien\u012bt\u0101ji, gan m\u016bzikas un te\u0101tra draugi. Profesion\u0101lus sportistus un amatierus piesaista pavasara lielskr\u0113jiens apk\u0101rt Viljandi ezeram, k\u0101 ar\u012b vair\u0101kas rite\u0146brauk\u0161anas sacens\u012bbas. Vasaras sezonas atkl\u0101\u0161anas pas\u0101kums visai [&hellip;]<\/p>\n","protected":false},"author":4,"featured_media":868,"parent":329,"menu_order":0,"comment_status":"closed","ping_status":"closed","template":"","meta":{"_acf_changed":false,"inline_featured_image":false,"footnotes":""},"class_list":["post-570531","page","type-page","status-publish","has-post-thumbnail","hentry"],"acf":[],"_links":{"self":[{"href":"https:\/\/visitviljandi.ee\/lv\/wp-json\/wp\/v2\/pages\/570531","targetHints":{"allow":["GET"]}}],"collection":[{"href":"https:\/\/visitviljandi.ee\/lv\/wp-json\/wp\/v2\/pages"}],"about":[{"href":"https:\/\/visitviljandi.ee\/lv\/wp-json\/wp\/v2\/types\/page"}],"author":[{"embeddable":true,"href":"https:\/\/visitviljandi.ee\/lv\/wp-json\/wp\/v2\/users\/4"}],"replies":[{"embeddable":true,"href":"https:\/\/visitviljandi.ee\/lv\/wp-json\/wp\/v2\/comments?post=570531"}],"version-history":[{"count":1,"href":"https:\/\/visitviljandi.ee\/lv\/wp-json\/wp\/v2\/pages\/570531\/revisions"}],"predecessor-version":[{"id":570532,"href":"https:\/\/visitviljandi.ee\/lv\/wp-json\/wp\/v2\/pages\/570531\/revisions\/570532"}],"up":[{"embeddable":true,"href":"https:\/\/visitviljandi.ee\/lv\/wp-json\/wp\/v2\/pages\/329"}],"wp:featuredmedia":[{"embeddable":true,"href":"https:\/\/visitviljandi.ee\/lv\/wp-json\/wp\/v2\/media\/868"}],"wp:attachment":[{"href":"https:\/\/visitviljandi.ee\/lv\/wp-json\/wp\/v2\/media?parent=570531"}],"curies":[{"name":"wp","href":"https:\/\/api.w.org\/{rel}","templated":true}]}}