{"id":570529,"date":"2026-08-05T10:18:58","date_gmt":"2026-08-05T07:18:58","guid":{"rendered":"https:\/\/visitviljandi.ee\/tuletko-kylaan\/kohokohdat\/"},"modified":"2026-08-05T10:18:58","modified_gmt":"2026-08-05T07:18:58","slug":"kohokohdat","status":"publish","type":"page","link":"https:\/\/visitviljandi.ee\/fi\/tuletko-kylaan\/kohokohdat\/","title":{"rendered":"Kohokohdat"},"content":{"rendered":"\n<h2 class=\"wp-block-heading\">Kulttuuria ja urheilua ymp\u00e4ri vuoden<\/h2>\n\n<p class=\"wp-block-paragraph\">Viljandin kaupungissa ja maakunnassa j\u00e4rjestet\u00e4\u00e4n kaikkina vuodenaikoina monenlaisia tapahtumia. T\u00e4\u00e4lt\u00e4 l\u00f6yt\u00e4v\u00e4t suosikkinsa niin aktiivisuutta etsiv\u00e4t perheet, korkeakulttuurin yst\u00e4v\u00e4t kuin musiikin ja teatterin harrastajatkin. Ammattilaisurheilijoita ja harrastajia houkuttelevat kev\u00e4inen <em><strong>Viljandi-j\u00e4rven ymp\u00e4rijuoksu<\/strong><\/em> sek\u00e4 useat py\u00f6r\u00e4ilykilpailut. Kes\u00e4kauden avaustapahtuma koko perheelle on perinteisesti Hansap\u00e4iv\u00e4t. Kes\u00e4n aikana Viljandimaalla j\u00e4rjestet\u00e4\u00e4n useita pidettyj\u00e4 musiikkitapahtumia Suure-Jaanista Mulgimaalle, joista suurin on legendaarinen <em><strong>Viljandin kansanmusiikkifestivaali<\/strong><\/em> eli yksinkertaisesti Viljandi Folk \u2013 yksi Euroopan suurimmista kansanmusiikkitapahtumista, joka j\u00e4rjestet\u00e4\u00e4n joka vuosi hein\u00e4kuussa.     <\/p>\n\n<p class=\"wp-block-paragraph\">Kohokohtien lis\u00e4ksi ymp\u00e4ri vuoden tapahtuu paljon j\u00e4nnitt\u00e4v\u00e4\u00e4 \u2013 saat yleiskuvan kaikista tapahtumista monipuoliselta <a href=\"https:\/\/visitviljandi.ee\/fi\/tuletko-kylaan\/kulttuuriohjelma\/\" target=\"_blank\" rel=\"noreferrer noopener\">tapahtumakalenteri<\/a>-sivulta.<\/p>\n\n<h2 class=\"wp-block-heading\" id=\"hansapaevad\">Hansap\u00e4iv\u00e4t<\/h2>\n\n<h3 class=\"wp-block-heading\" id=\"27-29-august-2021\">5.-7. kes\u00e4kuu 2026<\/h3>\n\n<h3 class=\"wp-block-heading\" id=\"hansa-viljandi-ee\"><a rel=\"noreferrer noopener\" href=\"http:\/\/hansa.viljandi.ee\/\" target=\"_blank\">hansa.viljandi.ee<\/a><\/h3>\n\n<figure class=\"wp-block-image size-large\"><a href=\"https:\/\/visitviljandi.ee\/wp-content\/uploads\/2022\/01\/DSC_7663.jpg\"><img loading=\"lazy\" decoding=\"async\" width=\"1024\" height=\"683\" src=\"https:\/\/visitviljandi.ee\/wp-content\/uploads\/2022\/01\/DSC_7663-1024x683.jpg\" alt=\"\" class=\"wp-image-444\" srcset=\"https:\/\/visitviljandi.ee\/wp-content\/uploads\/2022\/01\/DSC_7663-1024x683.jpg 1024w, https:\/\/visitviljandi.ee\/wp-content\/uploads\/2022\/01\/DSC_7663-300x200.jpg 300w, https:\/\/visitviljandi.ee\/wp-content\/uploads\/2022\/01\/DSC_7663-768x512.jpg 768w, https:\/\/visitviljandi.ee\/wp-content\/uploads\/2022\/01\/DSC_7663.jpg 1200w\" sizes=\"auto, (max-width: 1024px) 100vw, 1024px\" \/><\/a><\/figure>\n\n<p class=\"wp-block-paragraph\">Viljandin hansap\u00e4iv\u00e4t j\u00e4rjestet\u00e4\u00e4n kes\u00e4kuun ensimm\u00e4isen\u00e4 viikonloppuna. Tapahtuma yhdist\u00e4\u00e4 perinteisen katukaupan nykyaikaisiin yhteis\u00f6tapahtumiin ja tuo yhteen ihmisi\u00e4 Viljandista ja sen ymp\u00e4rist\u00f6st\u00e4, Virosta ja koko maailmasta. <\/p>\n\n<h2 class=\"wp-block-heading\" id=\"viljandi-parimusmuusika-festival\">Viljandin kansanmusiikkifestivaali<\/h2>\n\n<h3 class=\"wp-block-heading\" id=\"22-25-juuli-2021\">23. &#8211; 26. hein\u00e4kuu 2026<\/h3>\n\n<h3 class=\"wp-block-heading\" id=\"viljandifolk-ee\"><a rel=\"noreferrer noopener\" href=\"https:\/\/www.viljandifolk.ee\/en\" target=\"_blank\">viljandifolk.ee<\/a><\/h3>\n\n<figure class=\"wp-block-image size-large\"><a href=\"https:\/\/visitviljandi.ee\/wp-content\/uploads\/2022\/01\/Folk_2.jpg\"><img loading=\"lazy\" decoding=\"async\" width=\"1024\" height=\"683\" src=\"https:\/\/visitviljandi.ee\/wp-content\/uploads\/2022\/01\/Folk_2-1024x683.jpg\" alt=\"\" class=\"wp-image-451\" srcset=\"https:\/\/visitviljandi.ee\/wp-content\/uploads\/2022\/01\/Folk_2-1024x683.jpg 1024w, https:\/\/visitviljandi.ee\/wp-content\/uploads\/2022\/01\/Folk_2-300x200.jpg 300w, https:\/\/visitviljandi.ee\/wp-content\/uploads\/2022\/01\/Folk_2-768x512.jpg 768w, https:\/\/visitviljandi.ee\/wp-content\/uploads\/2022\/01\/Folk_2.jpg 1200w\" sizes=\"auto, (max-width: 1024px) 100vw, 1024px\" \/><\/a><\/figure>\n\n<p class=\"wp-block-paragraph\">Viljandin kansanmusiikkifestivaali, joka tunnetaan my\u00f6s nimell\u00e4 Viljandi Folk, on tuonut yhteen hyv\u00e4\u00e4 musiikkia koko maailmasta jo 30 vuoden ajan. Hein\u00e4kuun viimeisen\u00e4 viikonloppuna Viljandin v\u00e4kiluku kaksinkertaistuu, kun kaupunkiin saapuu l\u00e4hes 25 000 vierasta osallistumaan mahtavaan kansainv\u00e4liseen musiikkijuhlaan. <\/p>\n\n<h2 class=\"wp-block-heading\" id=\"veel-tahtsundmusi\">Lis\u00e4\u00e4 kohokohtia 2026<\/h2>\n\n<ul class=\"wp-block-list\">\n<li><a href=\"https:\/\/rattaklubi.ee\/mulgi-uisumaraton\/\"><strong>Mulgi-luistelumaratoni<\/strong><\/a> 24. tammikuuta<\/li>\n\n\n\n<li><strong><a href=\"https:\/\/rattaklubi.ee\/\" data-type=\"link\" data-id=\"https:\/\/rattaklubi.ee\/\">Y\u00f6luistelu<\/a> <\/strong>Viljandi-j\u00e4rvell\u00e4 25. tammikuuta<\/li>\n\n\n\n<li><a href=\"http:\/\/www.tantsunadal.ee\/\" target=\"_blank\" rel=\"noreferrer noopener\"><strong>Tanssiviikko<\/strong><\/a> 23.\u201329. huhtikuuta  <\/li>\n\n\n\n<li><strong><a href=\"https:\/\/viljandijarvejooks.ee\/et\/avaleht\" target=\"_blank\" rel=\"noreferrer noopener\">Viljandi-j\u00e4rven ymp\u00e4rijuoksu<\/a><\/strong> 1. toukokuuta joka vuosi <\/li>\n\n\n\n<li><a href=\"https:\/\/rattaklubi.ee\/\"><strong>Mulgi-py\u00f6r\u00e4ilymaratoni<\/strong><\/a> 3. toukokuuta <\/li>\n\n\n\n<li><a href=\"https:\/\/muusikafestival.suure-jaani.ee\/\" data-type=\"URL\" data-id=\"https:\/\/muusikafestival.suure-jaani.ee\/\" target=\"_blank\" rel=\"noreferrer noopener\"><strong>Suure-Jaanin musiikkifestivaali<\/strong><\/a> 16. &#8211; 23. kes\u00e4kuuta <\/li>\n\n\n\n<li><strong><a href=\"https:\/\/www.facebook.com\/viljandisuveooper\/\" target=\"_blank\" rel=\"noreferrer noopener\">Viljandin kes\u00e4ooppera<\/a><\/strong> 2.\u20133. hein\u00e4kuuta <\/li>\n\n\n\n<li><a href=\"https:\/\/www.urissaarekantri.ee\/\" target=\"_blank\" rel=\"noreferrer noopener\"><strong>Urissaare Kantri<\/strong> <\/a>14.\u201315. elokuuta <\/li>\n\n\n\n<li><a href=\"https:\/\/www.facebook.com\/ViljandiSaunafest\" data-type=\"link\" data-id=\"https:\/\/www.facebook.com\/ViljandiSaunafest\"><strong>Liikkuvan saunan festivaali<\/strong><\/a> 28.\u201329. elokuuta <\/li>\n\n\n\n<li><strong><a href=\"https:\/\/folk.ee\/teeme\/parimusmuusika-loikuspidu\" data-type=\"link\" data-id=\"https:\/\/folk.ee\/teeme\/parimusmuusika-loikuspidu\">Kansanmusiikin elojuhla<\/a> <\/strong>2.\u20133. lokakuuta <\/li>\n\n\n\n<li><strong><a href=\"http:\/\/viljandiguitar.ee\/\" target=\"_blank\" rel=\"noreferrer noopener\">Kitarrafestivaali<\/a><\/strong> 7. &#8211; 11. lokakuuta<\/li>\n<\/ul>\n\n<p class=\"wp-block-paragraph\"><\/p>\n","protected":false},"excerpt":{"rendered":"<p>Kulttuuria ja urheilua ymp\u00e4ri vuoden Viljandin kaupungissa ja maakunnassa j\u00e4rjestet\u00e4\u00e4n kaikkina vuodenaikoina monenlaisia tapahtumia. T\u00e4\u00e4lt\u00e4 l\u00f6yt\u00e4v\u00e4t suosikkinsa niin aktiivisuutta etsiv\u00e4t perheet, korkeakulttuurin yst\u00e4v\u00e4t kuin musiikin ja teatterin harrastajatkin. Ammattilaisurheilijoita ja harrastajia houkuttelevat kev\u00e4inen Viljandi-j\u00e4rven ymp\u00e4rijuoksu sek\u00e4 useat py\u00f6r\u00e4ilykilpailut. Kes\u00e4kauden avaustapahtuma koko perheelle on perinteisesti Hansap\u00e4iv\u00e4t. Kes\u00e4n aikana Viljandimaalla j\u00e4rjestet\u00e4\u00e4n useita pidettyj\u00e4 musiikkitapahtumia Suure-Jaanista Mulgimaalle, joista [&hellip;]<\/p>\n","protected":false},"author":4,"featured_media":866,"parent":327,"menu_order":0,"comment_status":"closed","ping_status":"closed","template":"","meta":{"_acf_changed":false,"inline_featured_image":false,"footnotes":""},"class_list":["post-570529","page","type-page","status-publish","has-post-thumbnail","hentry"],"acf":[],"_links":{"self":[{"href":"https:\/\/visitviljandi.ee\/fi\/wp-json\/wp\/v2\/pages\/570529","targetHints":{"allow":["GET"]}}],"collection":[{"href":"https:\/\/visitviljandi.ee\/fi\/wp-json\/wp\/v2\/pages"}],"about":[{"href":"https:\/\/visitviljandi.ee\/fi\/wp-json\/wp\/v2\/types\/page"}],"author":[{"embeddable":true,"href":"https:\/\/visitviljandi.ee\/fi\/wp-json\/wp\/v2\/users\/4"}],"replies":[{"embeddable":true,"href":"https:\/\/visitviljandi.ee\/fi\/wp-json\/wp\/v2\/comments?post=570529"}],"version-history":[{"count":1,"href":"https:\/\/visitviljandi.ee\/fi\/wp-json\/wp\/v2\/pages\/570529\/revisions"}],"predecessor-version":[{"id":570530,"href":"https:\/\/visitviljandi.ee\/fi\/wp-json\/wp\/v2\/pages\/570529\/revisions\/570530"}],"up":[{"embeddable":true,"href":"https:\/\/visitviljandi.ee\/fi\/wp-json\/wp\/v2\/pages\/327"}],"wp:featuredmedia":[{"embeddable":true,"href":"https:\/\/visitviljandi.ee\/fi\/wp-json\/wp\/v2\/media\/866"}],"wp:attachment":[{"href":"https:\/\/visitviljandi.ee\/fi\/wp-json\/wp\/v2\/media?parent=570529"}],"curies":[{"name":"wp","href":"https:\/\/api.w.org\/{rel}","templated":true}]}}