{"id":319981,"date":"2024-01-02T13:13:20","date_gmt":"2024-01-02T10:13:20","guid":{"rendered":"https:\/\/visitviljandi.ee\/?page_id=319981"},"modified":"2024-02-06T20:14:35","modified_gmt":"2024-02-06T17:14:35","slug":"matka2024","status":"publish","type":"page","link":"https:\/\/visitviljandi.ee\/fi\/matka2024\/","title":{"rendered":"Tervetuloa Keski-Viroon &#038; Viljandin maakuntaan"},"content":{"rendered":"\n<h3 class=\"wp-block-heading\">Olemme l\u00e4hell\u00e4 &#8211; kuljetpa autolla,py\u00f6r\u00e4ll\u00e4, junalla tai bussilla!<\/h3>\n\n\n\n<div class=\"wp-block-columns is-layout-flex wp-container-core-columns-is-layout-9d6595d7 wp-block-columns-is-layout-flex\">\n<div class=\"wp-block-column is-layout-flow wp-block-column-is-layout-flow\" style=\"flex-basis:33.33%\">\n<p class=\"has-small-font-size\"><em><strong>P\u00c4IV\u00c4RETKI JUNALLA TALLINNASTA<\/strong><\/em><\/p>\n\n\n\n<p class=\"has-small-font-size\"><em>TALLINNA &#8211; T\u00dcRI 1 h 30 min<\/em><br><br><em>TALLINNA &#8211; VILJANDI 2h 8 min<\/em><\/p>\n\n\n\n<p class=\"has-small-font-size\"><em><strong>P\u00c4IV\u00c4RETKI AUTOLLA TALLINNASTA<\/strong><\/em><\/p>\n\n\n\n<p class=\"has-small-font-size\"><em>TALLINNA &#8211; PAIDE 1 h<\/em><br><br><em>TALLINNA &#8211; P\u00d5LTSAMAA 1 h 50 min<\/em><br><br><em>TALLINNA &#8211; VILJANDI 1 h 50 min<\/em><br><br><em>TALLINN &#8211; T\u00d5RVA 2 h 30 min<\/em><\/p>\n<\/div>\n\n\n\n<div class=\"wp-block-column is-layout-flow wp-block-column-is-layout-flow\" style=\"flex-basis:66.66%\">\n<figure class=\"wp-block-image size-large\"><a href=\"https:\/\/visitviljandi.ee\/wp-content\/uploads\/2024\/01\/Screenshot-2024-01-11-at-14.30.08.jpg\"><img loading=\"lazy\" decoding=\"async\" width=\"1024\" height=\"732\" src=\"https:\/\/visitviljandi.ee\/wp-content\/uploads\/2024\/01\/Screenshot-2024-01-11-at-14.30.08-1024x732.jpg\" alt=\"\" class=\"wp-image-321463\" srcset=\"https:\/\/visitviljandi.ee\/wp-content\/uploads\/2024\/01\/Screenshot-2024-01-11-at-14.30.08-1024x732.jpg 1024w, https:\/\/visitviljandi.ee\/wp-content\/uploads\/2024\/01\/Screenshot-2024-01-11-at-14.30.08-300x215.jpg 300w, https:\/\/visitviljandi.ee\/wp-content\/uploads\/2024\/01\/Screenshot-2024-01-11-at-14.30.08-768x549.jpg 768w, https:\/\/visitviljandi.ee\/wp-content\/uploads\/2024\/01\/Screenshot-2024-01-11-at-14.30.08.jpg 1524w\" sizes=\"auto, (max-width: 1024px) 100vw, 1024px\" \/><\/a><\/figure>\n<\/div>\n<\/div>\n\n\n\n<div class=\"wp-block-columns is-layout-flex wp-container-core-columns-is-layout-9d6595d7 wp-block-columns-is-layout-flex\">\n<div class=\"wp-block-column is-layout-flow wp-block-column-is-layout-flow\">\n<p>Monipuolinen historia, luonnon ihmeet ja ainutlaatuiset perinteet tekev\u00e4t <strong>Keski-Virosta <\/strong>yhten\u00e4isen ja kiehtovan alueen. <br><strong>T\u00e4ss\u00e4 joitakin hyvi\u00e4 syit\u00e4 vierailuun: <br><\/strong>Tee aikamatka <strong><a href=\"https:\/\/visitjarva.ee\/vaatamisvaarsused\/?lang=en\">J\u00e4rvamaan<\/a><\/strong> baltiansaksalaisiin perint\u00f6kartanoihin, joissa monin tavoin havainnollistuvat arkkitehtuurin ja sivistyksen kehittyminen sek\u00e4 aateliston el\u00e4m\u00e4. Koe aikakausien henki linnoissa, maakartanoissa ja museoissa. <strong><a href=\"https:\/\/www.visitestonia.com\/fi\/kirnan-kartanonpuisto?_ga=2.189167277.707243862.1705045726-998521901.1660638253\">Kirnan<\/a>, <a href=\"https:\/\/www.visitestonia.com\/fi\/laupan-kartano?_ga=2.164148537.707243862.1705045726-998521901.1660638253\">Laupan<\/a>, <a href=\"https:\/\/www.puhkaeestis.ee\/et\/koigi-mois\">Koigin<\/a> ja <a href=\"https:\/\/www.visitestonia.com\/en\/arukula-manor?_ga=2.154041790.707243862.1705045726-998521901.1660638253\">Aruku\u0308lan<\/a><\/strong> kartanoiden historia puolestaan heijastaa orjuuden ajan tummia s\u00e4vyj\u00e4 ja tutustuttavat sinut omavaltaisten paronien<br>aikakauteen.<br><br>Musiikkikaupunki <strong><a href=\"https:\/\/visitjarva.ee\/paide-on-vaike-puust-linn\/\">Paide<\/a><\/strong> on maailman eniten esitetyn el\u00e4v\u00e4n s\u00e4velt\u00e4j\u00e4n <strong>Arvo P\u00e4rtin<\/strong> syntym\u00e4kaupunki.<\/p>\n\n\n\n<div class=\"wp-block-columns is-layout-flex wp-container-core-columns-is-layout-9d6595d7 wp-block-columns-is-layout-flex\">\n<div class=\"wp-block-column is-layout-flow wp-block-column-is-layout-flow\">\n<figure class=\"wp-block-image size-full\"><a href=\"https:\/\/visitviljandi.ee\/wp-content\/uploads\/2024\/01\/51601201812_8979d9195a_c.jpg\"><img loading=\"lazy\" decoding=\"async\" width=\"799\" height=\"533\" src=\"https:\/\/visitviljandi.ee\/wp-content\/uploads\/2024\/01\/51601201812_8979d9195a_c.jpg\" alt=\"Torin kartano. Kuva: Silver K\u00f6ster x Visit J\u00e4rva\" class=\"wp-image-321571\" srcset=\"https:\/\/visitviljandi.ee\/wp-content\/uploads\/2024\/01\/51601201812_8979d9195a_c.jpg 799w, https:\/\/visitviljandi.ee\/wp-content\/uploads\/2024\/01\/51601201812_8979d9195a_c-300x200.jpg 300w, https:\/\/visitviljandi.ee\/wp-content\/uploads\/2024\/01\/51601201812_8979d9195a_c-768x512.jpg 768w\" sizes=\"auto, (max-width: 799px) 100vw, 799px\" \/><\/a><figcaption class=\"wp-element-caption\">Torin kartano. Kuva: Silver K\u00f6ster x Visit J\u00e4rva<\/figcaption><\/figure>\n<\/div>\n\n\n\n<div class=\"wp-block-column is-layout-flow wp-block-column-is-layout-flow\">\n<figure class=\"wp-block-image size-full\"><a href=\"https:\/\/visitviljandi.ee\/wp-content\/uploads\/2024\/01\/52618585877_9acb4913f6_c.jpg\"><img loading=\"lazy\" decoding=\"async\" width=\"799\" height=\"533\" src=\"https:\/\/visitviljandi.ee\/wp-content\/uploads\/2024\/01\/52618585877_9acb4913f6_c.jpg\" alt=\"Viron Yleisradiomuseo\nKuva: Silver K\u00f6ster x Visit J\u00e4rva\" class=\"wp-image-321564\" srcset=\"https:\/\/visitviljandi.ee\/wp-content\/uploads\/2024\/01\/52618585877_9acb4913f6_c.jpg 799w, https:\/\/visitviljandi.ee\/wp-content\/uploads\/2024\/01\/52618585877_9acb4913f6_c-300x200.jpg 300w, https:\/\/visitviljandi.ee\/wp-content\/uploads\/2024\/01\/52618585877_9acb4913f6_c-768x512.jpg 768w\" sizes=\"auto, (max-width: 799px) 100vw, 799px\" \/><\/a><figcaption class=\"wp-element-caption\">Viron Yleisradiomuseo\nKuva: Silver K\u00f6ster x Visit J\u00e4rva<\/figcaption><\/figure>\n<\/div>\n\n\n\n<div class=\"wp-block-column is-layout-flow wp-block-column-is-layout-flow\">\n<figure class=\"wp-block-image size-large\"><a href=\"https:\/\/visitviljandi.ee\/wp-content\/uploads\/2024\/01\/Poltsamaa-Rose-islet_Hans-Markus-Antson2-e1705044647352.jpg\"><img loading=\"lazy\" decoding=\"async\" width=\"1024\" height=\"878\" src=\"https:\/\/visitviljandi.ee\/wp-content\/uploads\/2024\/01\/Poltsamaa-Rose-islet_Hans-Markus-Antson2-e1705044647352-1024x878.jpg\" alt=\"P\u00f5ltsamaan ruusujen saari. Kuva: Hans Markus Antson x Visit Estonia\" class=\"wp-image-321577\" srcset=\"https:\/\/visitviljandi.ee\/wp-content\/uploads\/2024\/01\/Poltsamaa-Rose-islet_Hans-Markus-Antson2-e1705044647352-1024x878.jpg 1024w, https:\/\/visitviljandi.ee\/wp-content\/uploads\/2024\/01\/Poltsamaa-Rose-islet_Hans-Markus-Antson2-e1705044647352-300x257.jpg 300w, https:\/\/visitviljandi.ee\/wp-content\/uploads\/2024\/01\/Poltsamaa-Rose-islet_Hans-Markus-Antson2-e1705044647352-768x658.jpg 768w, https:\/\/visitviljandi.ee\/wp-content\/uploads\/2024\/01\/Poltsamaa-Rose-islet_Hans-Markus-Antson2-e1705044647352.jpg 1280w\" sizes=\"auto, (max-width: 1024px) 100vw, 1024px\" \/><\/a><figcaption class=\"wp-element-caption\">P\u00f5ltsamaan ruusujen saari. Kuva: Hans Markus Antson x Visit Estonia<\/figcaption><\/figure>\n<\/div>\n<\/div>\n<\/div>\n<\/div>\n\n\n\n<p><strong><a href=\"https:\/\/www.visitestonia.com\/fi\/poltsamaan-matkailuinfo?_ga=2.225417628.707243862.1705045726-998521901.1660638253\">P\u00f5ltsamaa<\/a><\/strong> oli aikoinaan kuningaskunnan p\u00e4\u00e4kaupunki. Kulje kaupungin 19 sillalla ja nauti restauroidun linnan kauneudesta. Vieraile ruusutarhassa ja l\u00f6yd\u00e4 l\u00e4hiymp\u00e4rist\u00f6n pikkukaupunkien Tu\u0308rin ja Paiden rikkaan historian aarteet.<\/p>\n\n\n\n<p>L\u00f6yd\u00e4 <strong>Viljandin maakunnan<\/strong> moni-ilmeinen kulttuuriperint\u00f6 osallistumalla musiikkifestivaaleihin ja tutustumalla <strong>Viljandin<\/strong> kaupungin historiallisiin n\u00e4ht\u00e4vyyksiin. Maakunnassa on my\u00f6s upeita rakennustaiteellisia kokonaisuuksia kuten hyvin s\u00e4ilynyt <strong><a href=\"https:\/\/visitviljandi.ee\/fi\/places\/olustveren-kartano\/\">Olustveren kartano<\/a><\/strong>.<\/p>\n\n\n\n<p>Mulgimaalla sijaitsevassa <strong><a href=\"https:\/\/visittorva.ee\/en\/\">T\u00f5rvassa<\/a><\/strong> kylpyl\u00e4kulttuuri kukoistaa. Alueen omaper\u00e4iseen kulttuuriin sukellat puolestaan Mulgi El\u00e4myskeskuksessa. Alueen erikoisuuksia ovat <strong>mulgipuuro<\/strong> ja Soomaan perinnevene<br><strong>haapio<\/strong> &#8211; molempien arvo on tunnustettu UNESCOn kulttuuriperint\u00f6merkinn\u00e4ll\u00e4. Paikan p\u00e4\u00e4ll\u00e4 voit ihmetell\u00e4 niiden valmistumista ja osallistua tekemiseen. Vierailu Keski-Virossa on t\u00e4ynn\u00e4 l\u00f6yt\u00e4misen iloa ja unohtumattomia hetki\u00e4: Monimuotoiset perinteet ja kulttuurihistoria, joissa menneisyys ja luonto kietoutuvat toisiinsa unohtumattomalla tavalla, tekev\u00e4t alueesta vierailun arvoisen.<a href=\"https:\/\/visitviljandi.ee\/wp-content\/uploads\/2022\/10\/VisitVlnd_2048x1365-02.jpg\"><\/a><\/p>\n\n\n\n<div class=\"wp-block-columns is-layout-flex wp-container-core-columns-is-layout-9d6595d7 wp-block-columns-is-layout-flex\">\n<div class=\"wp-block-column is-layout-flow wp-block-column-is-layout-flow\">\n<figure class=\"wp-block-image size-full\"><a href=\"https:\/\/visitviljandi.ee\/wp-content\/uploads\/2024\/01\/51505308062_34c5c071f1_c.jpg\"><img loading=\"lazy\" decoding=\"async\" width=\"799\" height=\"533\" src=\"https:\/\/visitviljandi.ee\/wp-content\/uploads\/2024\/01\/51505308062_34c5c071f1_c.jpg\" alt=\"Olustveren kartano. Kuva: Siim Verner Teder\" class=\"wp-image-321586\" srcset=\"https:\/\/visitviljandi.ee\/wp-content\/uploads\/2024\/01\/51505308062_34c5c071f1_c.jpg 799w, https:\/\/visitviljandi.ee\/wp-content\/uploads\/2024\/01\/51505308062_34c5c071f1_c-300x200.jpg 300w, https:\/\/visitviljandi.ee\/wp-content\/uploads\/2024\/01\/51505308062_34c5c071f1_c-768x512.jpg 768w\" sizes=\"auto, (max-width: 799px) 100vw, 799px\" \/><\/a><figcaption class=\"wp-element-caption\">Olustveren kartano. Kuva: Siim Verner Teder<\/figcaption><\/figure>\n<\/div>\n\n\n\n<div class=\"wp-block-column is-layout-flow wp-block-column-is-layout-flow\">\n<figure class=\"wp-block-image size-large\"><a href=\"https:\/\/visitviljandi.ee\/wp-content\/uploads\/2024\/01\/Soomaa-Haabjas_Mati-Kose-1.jpg\"><img loading=\"lazy\" decoding=\"async\" width=\"1024\" height=\"683\" src=\"https:\/\/visitviljandi.ee\/wp-content\/uploads\/2024\/01\/Soomaa-Haabjas_Mati-Kose-1-1024x683.jpg\" alt=\"Soomaan haapio. Kuva: Mati Kose x Visit Estonia\" class=\"wp-image-321593\" srcset=\"https:\/\/visitviljandi.ee\/wp-content\/uploads\/2024\/01\/Soomaa-Haabjas_Mati-Kose-1-1024x683.jpg 1024w, https:\/\/visitviljandi.ee\/wp-content\/uploads\/2024\/01\/Soomaa-Haabjas_Mati-Kose-1-300x200.jpg 300w, https:\/\/visitviljandi.ee\/wp-content\/uploads\/2024\/01\/Soomaa-Haabjas_Mati-Kose-1-768x512.jpg 768w, https:\/\/visitviljandi.ee\/wp-content\/uploads\/2024\/01\/Soomaa-Haabjas_Mati-Kose-1-1536x1024.jpg 1536w, https:\/\/visitviljandi.ee\/wp-content\/uploads\/2024\/01\/Soomaa-Haabjas_Mati-Kose-1.jpg 1920w\" sizes=\"auto, (max-width: 1024px) 100vw, 1024px\" \/><\/a><figcaption class=\"wp-element-caption\">Soomaan haapio. Kuva: Mati Kose x Visit Estonia<\/figcaption><\/figure>\n<\/div>\n\n\n\n<div class=\"wp-block-column is-layout-flow wp-block-column-is-layout-flow\">\n<figure class=\"wp-block-image size-large\"><a href=\"https:\/\/visitviljandi.ee\/wp-content\/uploads\/2024\/01\/Potatoes-and-Groats-Mash-Mulgipuder-_Hedrica-Hargats2.jpg\"><img loading=\"lazy\" decoding=\"async\" width=\"1024\" height=\"683\" src=\"https:\/\/visitviljandi.ee\/wp-content\/uploads\/2024\/01\/Potatoes-and-Groats-Mash-Mulgipuder-_Hedrica-Hargats2-1024x683.jpg\" alt=\"Mulgipuuro. Kuva: Peter Paxx x Visit Estonia\" class=\"wp-image-321599\" srcset=\"https:\/\/visitviljandi.ee\/wp-content\/uploads\/2024\/01\/Potatoes-and-Groats-Mash-Mulgipuder-_Hedrica-Hargats2-1024x683.jpg 1024w, https:\/\/visitviljandi.ee\/wp-content\/uploads\/2024\/01\/Potatoes-and-Groats-Mash-Mulgipuder-_Hedrica-Hargats2-300x200.jpg 300w, https:\/\/visitviljandi.ee\/wp-content\/uploads\/2024\/01\/Potatoes-and-Groats-Mash-Mulgipuder-_Hedrica-Hargats2-768x512.jpg 768w, https:\/\/visitviljandi.ee\/wp-content\/uploads\/2024\/01\/Potatoes-and-Groats-Mash-Mulgipuder-_Hedrica-Hargats2-1536x1024.jpg 1536w, https:\/\/visitviljandi.ee\/wp-content\/uploads\/2024\/01\/Potatoes-and-Groats-Mash-Mulgipuder-_Hedrica-Hargats2.jpg 1920w\" sizes=\"auto, (max-width: 1024px) 100vw, 1024px\" \/><\/a><figcaption class=\"wp-element-caption\">Mulgipuuro. Kuva: Peter Paxx x Visit Estonia<\/figcaption><\/figure>\n<\/div>\n<\/div>\n\n\n\n<div class=\"wp-block-columns has-background is-layout-flex wp-container-core-columns-is-layout-9d6595d7 wp-block-columns-is-layout-flex\" style=\"background-color:#f3ea5d\">\n<div class=\"wp-block-column is-layout-flow wp-block-column-is-layout-flow\">\n<h3 class=\"wp-block-heading\"><strong><strong>Vuoden 2024 huipputapahtumia:<\/strong><\/strong><\/h3>\n\n\n\n<p>1.5 <a rel=\"noreferrer noopener\" href=\"https:\/\/viljandijarvejooks.ee\/en\/homepage\" target=\"_blank\">Viljandij\u00e4rven ymp\u00e4rijuoksu<\/a> <\/p>\n\n\n\n<p>17.-19.05. <a href=\"https:\/\/tyrilillelaat.ee\/en\" target=\"_blank\" rel=\"noreferrer noopener\">45. Tu\u0308rin kukkamarkkinat<\/a><\/p>\n\n\n\n<p><strong>Toukokuu<\/strong> <a href=\"https:\/\/www.kirna.ee\/\" target=\"_blank\" rel=\"noreferrer noopener\">Tulppaanifestivaali Kirnan kartanolla kukinta-aikana<\/a><\/p>\n\n\n\n<p>7.-9.06. <a href=\"https:\/\/hansa.viljandi.ee\/viljandi-hanseatic-days\/\" target=\"_blank\" rel=\"noreferrer noopener\">Viljandin keskiaikaiset hansap\u00e4iv\u00e4t<\/a><\/p>\n\n\n\n<p><strong>Hein\u00e4kuu<\/strong> <a href=\"https:\/\/poltsamaaloss.ee\/en\/events\/\" target=\"_blank\" rel=\"noreferrer noopener\">P\u00f5ltsamaan linnap\u00e4iv\u00e4t<\/a><\/p>\n\n\n\n<p>20.-21.07. <a href=\"https:\/\/www.avatudtalud.ee\/en\" target=\"_blank\" rel=\"noreferrer noopener\">Avoimet maatalot 2024<\/a><\/p>\n<\/div>\n\n\n\n<div class=\"wp-block-column is-layout-flow wp-block-column-is-layout-flow\">\n<p>26.6 <a href=\"https:\/\/www.facebook.com\/events\/1387658378553216\" target=\"_blank\" rel=\"noreferrer noopener\">VILJANDI SUMMER OPERA 5.0 OPERA GALA &#8221;Pan American Night Flight&#8221;<\/a><\/p>\n\n\n\n<p>25.- 28.7 <a href=\"https:\/\/www.folk.ee\/en\/\" target=\"_blank\" rel=\"noreferrer noopener\">Viljandi Folk Music Festival<\/a><\/p>\n\n\n\n<p>2.-3.08. <a href=\"https:\/\/jjmuuseum.ee\/\" target=\"_blank\" rel=\"noreferrer noopener\">Vanhanajan kulkupelien p\u00e4iv\u00e4t <\/a><br><a href=\"https:\/\/jjmuuseum.ee\/\">J\u00e4rva-Jaanissa<\/a><\/p>\n\n\n\n<p><strong>Elokuu<\/strong> <a href=\"https:\/\/poltsamaaloss.ee\/en\/events\/\" target=\"_blank\" rel=\"noreferrer noopener\">P\u00f5ltsamaan viinip\u00e4iv\u00e4<\/a><\/p>\n\n\n\n<p>16.- 17.8 <a href=\"https:\/\/www.urissaarekantri.ee\/\" target=\"_blank\" rel=\"noreferrer noopener\">Urissaaren kantrimusiikki<\/a> <\/p>\n\n\n\n<p>22.09 <a href=\"http:\/\/rahvajooks.ee\/en\" target=\"_blank\" rel=\"noreferrer noopener\">42.Paide-Tu\u0308ri juoksu&nbsp;<\/a><\/p>\n\n\n\n<p>9.- 13.10 <a href=\"https:\/\/viljandiguitar.ee\/en\/\" target=\"_blank\" rel=\"noreferrer noopener\">Viljandin kitarafestivaali<\/a> <\/p>\n<\/div>\n<\/div>\n\n\n\n<div class=\"wp-block-columns is-layout-flex wp-container-core-columns-is-layout-9d6595d7 wp-block-columns-is-layout-flex\">\n<div class=\"wp-block-column is-layout-flow wp-block-column-is-layout-flow\">\n<figure class=\"wp-block-image size-full\"><a href=\"https:\/\/visitviljandi.ee\/wp-content\/uploads\/2024\/01\/31707285373_ee272c5e3f_c.jpg\"><img loading=\"lazy\" decoding=\"async\" width=\"799\" height=\"533\" src=\"https:\/\/visitviljandi.ee\/wp-content\/uploads\/2024\/01\/31707285373_ee272c5e3f_c.jpg\" alt=\"Viljandin Folk. Kuva: Silver T\u00f5nisson\" class=\"wp-image-321655\" srcset=\"https:\/\/visitviljandi.ee\/wp-content\/uploads\/2024\/01\/31707285373_ee272c5e3f_c.jpg 799w, https:\/\/visitviljandi.ee\/wp-content\/uploads\/2024\/01\/31707285373_ee272c5e3f_c-300x200.jpg 300w, https:\/\/visitviljandi.ee\/wp-content\/uploads\/2024\/01\/31707285373_ee272c5e3f_c-768x512.jpg 768w\" sizes=\"auto, (max-width: 799px) 100vw, 799px\" \/><\/a><figcaption class=\"wp-element-caption\">Viljandin Folk. Kuva: Silver T\u00f5nisson<\/figcaption><\/figure>\n<\/div>\n\n\n\n<div class=\"wp-block-column is-layout-flow wp-block-column-is-layout-flow\">\n<figure class=\"wp-block-image size-full\"><a href=\"https:\/\/visitviljandi.ee\/wp-content\/uploads\/2024\/01\/51103697943_ff002480b5_c.jpg\"><img loading=\"lazy\" decoding=\"async\" width=\"800\" height=\"530\" src=\"https:\/\/visitviljandi.ee\/wp-content\/uploads\/2024\/01\/51103697943_ff002480b5_c.jpg\" alt=\"Kirnan kartanopuisto. Kuva: Helje Mets\" class=\"wp-image-321661\" srcset=\"https:\/\/visitviljandi.ee\/wp-content\/uploads\/2024\/01\/51103697943_ff002480b5_c.jpg 800w, https:\/\/visitviljandi.ee\/wp-content\/uploads\/2024\/01\/51103697943_ff002480b5_c-300x199.jpg 300w, https:\/\/visitviljandi.ee\/wp-content\/uploads\/2024\/01\/51103697943_ff002480b5_c-768x509.jpg 768w\" sizes=\"auto, (max-width: 800px) 100vw, 800px\" \/><\/a><figcaption class=\"wp-element-caption\">Kirnan kartanopuisto. Kuva: Helje Mets<\/figcaption><\/figure>\n<\/div>\n<\/div>\n\n\n\n<hr class=\"wp-block-separator has-alpha-channel-opacity\"\/>\n\n\n\n<h3 class=\"wp-block-heading\"><strong>Kulttuurin ajaton perint\u00f6<\/strong><\/h3>\n\n\n\n<div class=\"wp-block-columns is-layout-flex wp-container-core-columns-is-layout-9d6595d7 wp-block-columns-is-layout-flex\">\n<div class=\"wp-block-column is-layout-flow wp-block-column-is-layout-flow\">\n<p>Vuodesta 2019 <strong>Viljandi<\/strong> on kuulunut UNESCOn luovien kaupunkien verkostoon k\u00e4sity\u00f6- ja kansanperinnekaupunkina. Useat merkitt\u00e4v\u00e4t<br>valtiollisella tasolla vaikuttavat organisaatiot ja yritykset pit\u00e4v\u00e4t yll\u00e4 ja kehitt\u00e4v\u00e4t n\u00e4it\u00e4 aloja Viljandissa. Kansainv\u00e4liset kulttuuriperint\u00f6tapahtumat kokoavat kiinnostuneet <strong><a href=\"https:\/\/visitviljandi.ee\/fi\/places\/perinnemusiikin-aitta-parimusmuusika-ait\/\">Perinnemusiikkiaittaan<\/a> ja <a href=\"https:\/\/visitviljandi.ee\/fi\/places\/viljandin-museo\/\">kaupunginmuseoon<\/a><\/strong>.<br>Kaduilla t\u00f6rm\u00e4\u00e4t kultuuriperinn\u00f6n opiskelijoihin, kaupungin teatterilaisiin sek\u00e4 historiasta kiinnostuneisiin paikallisiin ja vierailijoihin.<\/p>\n<\/div>\n\n\n\n<div class=\"wp-block-column is-layout-flow wp-block-column-is-layout-flow\">\n<figure class=\"wp-block-image size-full\"><a href=\"https:\/\/visitviljandi.ee\/wp-content\/uploads\/2024\/01\/29273587128_79fa80c866_c.jpg\"><img loading=\"lazy\" decoding=\"async\" width=\"800\" height=\"450\" src=\"https:\/\/visitviljandi.ee\/wp-content\/uploads\/2024\/01\/29273587128_79fa80c866_c.jpg\" alt=\"Viljandin vanha vesitorni. Kuva: Silver T\u00f5nisson\" class=\"wp-image-321667\" srcset=\"https:\/\/visitviljandi.ee\/wp-content\/uploads\/2024\/01\/29273587128_79fa80c866_c.jpg 800w, https:\/\/visitviljandi.ee\/wp-content\/uploads\/2024\/01\/29273587128_79fa80c866_c-300x169.jpg 300w, https:\/\/visitviljandi.ee\/wp-content\/uploads\/2024\/01\/29273587128_79fa80c866_c-768x432.jpg 768w\" sizes=\"auto, (max-width: 800px) 100vw, 800px\" \/><\/a><figcaption class=\"wp-element-caption\">Viljandin vanha vesitorni. Kuva: Silver T\u00f5nisson<\/figcaption><\/figure>\n<\/div>\n<\/div>\n\n\n\n<div class=\"wp-block-columns is-layout-flex wp-container-core-columns-is-layout-9d6595d7 wp-block-columns-is-layout-flex\">\n<div class=\"wp-block-column is-layout-flow wp-block-column-is-layout-flow\">\n<figure class=\"wp-block-image size-full\"><a href=\"https:\/\/visitviljandi.ee\/wp-content\/uploads\/2024\/01\/51157117001_0ef4a613e0_c.jpg\"><img loading=\"lazy\" decoding=\"async\" width=\"800\" height=\"600\" src=\"https:\/\/visitviljandi.ee\/wp-content\/uploads\/2024\/01\/51157117001_0ef4a613e0_c.jpg\" alt=\"A.H.Tammsaaren museo Vargam\u00e4ell\u00e4. Kuva: Margus Kontus x Visit J\u00e4rva\" class=\"wp-image-321673\" srcset=\"https:\/\/visitviljandi.ee\/wp-content\/uploads\/2024\/01\/51157117001_0ef4a613e0_c.jpg 800w, https:\/\/visitviljandi.ee\/wp-content\/uploads\/2024\/01\/51157117001_0ef4a613e0_c-300x225.jpg 300w, https:\/\/visitviljandi.ee\/wp-content\/uploads\/2024\/01\/51157117001_0ef4a613e0_c-768x576.jpg 768w\" sizes=\"auto, (max-width: 800px) 100vw, 800px\" \/><\/a><figcaption class=\"wp-element-caption\">A.H.Tammsaaren museo Vargam\u00e4ell\u00e4. Kuva: Margus Kontus x Visit J\u00e4rva<\/figcaption><\/figure>\n<\/div>\n\n\n\n<div class=\"wp-block-column is-layout-flow wp-block-column-is-layout-flow\">\n<p><strong><a href=\"https:\/\/visitjarva.ee\/?lang=en\" target=\"_blank\" rel=\"noreferrer noopener\">J\u00e4rvamaa<\/a><\/strong> on tunnettu Viron historiaa hyvin esittelevist\u00e4 museoistaan. Tarjonta on monipuolista:<br><strong><a href=\"https:\/\/www.visitestonia.com\/fi\/viron-polkupyoramuseo\" target=\"_blank\" rel=\"noreferrer noopener\">Polkupy\u00f6r\u00e4museo V\u00e4\u00e4tsalla<\/a><\/strong>, <strong><a href=\"https:\/\/www.visitestonia.com\/fi\/viron-yleisradiomuseo\" target=\"_blank\" rel=\"noreferrer noopener\">yleisradiomuseo Tu\u0308rill\u00e4<\/a><\/strong>, <strong><a href=\"https:\/\/www.visitestonia.com\/fi\/opastettu-museokierros-viron-maitotalousmuseoon?_ga=2.66032808.707243862.1705045726-998521901.1660638253\">meijerimuseo Imaveress\u00e4<\/a><\/strong> ja <strong>kirjailija <a href=\"https:\/\/www.visitestonia.com\/fi\/anton-hansen-tammsaaren-kotimuseo\" target=\"_blank\" rel=\"noreferrer noopener\">Tammsaaren kotimuseo<\/a><\/strong> Albun l\u00e4hell\u00e4. Lis\u00e4ksi n\u00e4kemisen arvoisia ovat erikoiskokoelmat kuten <strong>K\u00e4run lastenrattaat<\/strong> ja <strong>J\u00e4rva-Jaanin vanhat<br>kulkupelit<\/strong>.<\/p>\n<\/div>\n<\/div>\n\n\n\n<div class=\"wp-block-columns is-layout-flex wp-container-core-columns-is-layout-9d6595d7 wp-block-columns-is-layout-flex\">\n<div class=\"wp-block-column is-layout-flow wp-block-column-is-layout-flow\">\n<p><a href=\"https:\/\/visitviljandi.ee\/fi\/maakunta\/mulgimaa\/\"><strong>Mulgimaa<\/strong><\/a> on omanlaisensa kulttuurialue, jossa luonto, el\u00e4m\u00e4ntapa, menneisyys ja nykyajan toimeliaat ihmiset kietoutuvat kiehtovalla tavalla yhteen. Mulgimaa tunnetaan omasta kielest\u00e4\u00e4n, upeista kansanpuvuistaan ja herkullisista<br>perinneruuistaan. N\u00e4m\u00e4 muodostavat sillan nykyisyyden ja menneisyyden v\u00e4lille. <strong><a href=\"https:\/\/visitviljandi.ee\/fi\/places\/mulgi-elamyskeskus\/\">El\u00e4myskeskus<\/a><\/strong> on upea n\u00e4yte menneen ajan mulgimaatilasta. N\u00e4yttely luo erinomaisen yleiskuvan kyl\u00e4milj\u00f6st\u00e4 ja valottaa mulgikulttuurin olemusta.<\/p>\n<\/div>\n\n\n\n<div class=\"wp-block-column is-layout-flow wp-block-column-is-layout-flow\">\n<figure class=\"wp-block-image size-full\"><a href=\"https:\/\/visitviljandi.ee\/wp-content\/uploads\/2024\/01\/34237034616_ed905d81ab_c-1.jpg\"><img loading=\"lazy\" decoding=\"async\" width=\"799\" height=\"533\" src=\"https:\/\/visitviljandi.ee\/wp-content\/uploads\/2024\/01\/34237034616_ed905d81ab_c-1.jpg\" alt=\"Puuveistokset Mulgimaalla. Kuva: Kris Su\u0308ld\" class=\"wp-image-321679\" srcset=\"https:\/\/visitviljandi.ee\/wp-content\/uploads\/2024\/01\/34237034616_ed905d81ab_c-1.jpg 799w, https:\/\/visitviljandi.ee\/wp-content\/uploads\/2024\/01\/34237034616_ed905d81ab_c-1-300x200.jpg 300w, https:\/\/visitviljandi.ee\/wp-content\/uploads\/2024\/01\/34237034616_ed905d81ab_c-1-768x512.jpg 768w\" sizes=\"auto, (max-width: 799px) 100vw, 799px\" \/><\/a><figcaption class=\"wp-element-caption\">Puuveistokset Mulgimaalla. Kuva: Kris Su\u0308ld<\/figcaption><\/figure>\n<\/div>\n<\/div>\n\n\n\n<hr class=\"wp-block-separator has-alpha-channel-opacity\"\/>\n\n\n\n<h3 class=\"wp-block-heading\"><strong>Maistele Keski-Viron makuja<\/strong><\/h3>\n\n\n\n<p>Tervetuloa makuel\u00e4mysten pariin <strong>Keski-Viroon<\/strong>, jossa jokainen herkkusuu l\u00f6yt\u00e4\u00e4 mieleisens\u00e4 makumaailman. Ruokaperinteemme kest\u00e4v\u00e4t vertailun &#8211; erityisen ylpeit\u00e4 olemme mulgipuurosta.<br>Mutta keitti\u00f6mme ei nojaa vain menneisyyteen, vaan uudistuvana tarjoaa nautintoja niin kotiruuan kuin gurmeen yst\u00e4ville.<\/p>\n\n\n\n<div class=\"wp-block-columns is-layout-flex wp-container-core-columns-is-layout-9d6595d7 wp-block-columns-is-layout-flex\">\n<div class=\"wp-block-column is-layout-flow wp-block-column-is-layout-flow\" style=\"flex-basis:33.33%\">\n<p>Kansainv\u00e4linen ravintolaopas <strong><a href=\"https:\/\/www.falstaff.com\/en\/search\/all?searchTerm=viljandi\" target=\"_blank\" rel=\"noreferrer noopener\">Falstaff 2024<\/a><\/strong> esittelee useita alueen ruokapaikkoja ja kutsuu nauttimaan kulinaarisia aarteita.<br><strong><a href=\"https:\/\/visitviljandi.ee\/fi\/places\/kahvila-fellin\/\">Kahvila Fellin<\/a><\/strong> Viljandissa valittiin vuonna 2023 MICHELIN Bib Gourmand ravintolaksi.<\/p>\n<\/div>\n\n\n\n<div class=\"wp-block-column is-layout-flow wp-block-column-is-layout-flow\" style=\"flex-basis:66.66%\">\n<figure class=\"wp-block-image size-large\"><a href=\"https:\/\/visitviljandi.ee\/wp-content\/uploads\/2023\/01\/51397916324_4e177cf7ff_k-1.jpg\"><img loading=\"lazy\" decoding=\"async\" width=\"1024\" height=\"683\" src=\"https:\/\/visitviljandi.ee\/wp-content\/uploads\/2023\/01\/51397916324_4e177cf7ff_k-1-1024x683.jpg\" alt=\"\" class=\"wp-image-146437\" srcset=\"https:\/\/visitviljandi.ee\/wp-content\/uploads\/2023\/01\/51397916324_4e177cf7ff_k-1-1024x683.jpg 1024w, https:\/\/visitviljandi.ee\/wp-content\/uploads\/2023\/01\/51397916324_4e177cf7ff_k-1-300x200.jpg 300w, https:\/\/visitviljandi.ee\/wp-content\/uploads\/2023\/01\/51397916324_4e177cf7ff_k-1-768x512.jpg 768w, https:\/\/visitviljandi.ee\/wp-content\/uploads\/2023\/01\/51397916324_4e177cf7ff_k-1-1536x1024.jpg 1536w, https:\/\/visitviljandi.ee\/wp-content\/uploads\/2023\/01\/51397916324_4e177cf7ff_k-1.jpg 1920w\" sizes=\"auto, (max-width: 1024px) 100vw, 1024px\" \/><\/a><figcaption class=\"wp-element-caption\">Kahvila Fellin. Valokuvaaja: Siim Verner Teder<\/figcaption><\/figure>\n<\/div>\n<\/div>\n\n\n\n<p>My\u00f6s muissa Viljandin ruokapaikoissa ateriointi j\u00e4\u00e4 mieleen makoisana kokemuksena. Keskustassa sijaitsevat <strong><a href=\"https:\/\/visitviljandi.ee\/fi\/places\/kodukohvik-2\/\">KoduKOHVIK<\/a><\/strong>, <strong><a href=\"https:\/\/visitviljandi.ee\/fi\/places\/ravintola-ormisson\/\">ravintolat Ormisson<\/a><\/strong> ja <strong><a href=\"https:\/\/visitviljandi.ee\/fi\/places\/kirjakahvila-novell\/\">Novell<\/a><\/strong> hurmaavat lis\u00e4ksi miellytt\u00e4v\u00e4ll\u00e4 ilmapiirill\u00e4\u00e4n ja<br>sisustuksellaan. Jos olet kalaruuan yst\u00e4v\u00e4, poikkea <strong><a href=\"https:\/\/xn--vrtsusahver-ffb.ee\/\">V\u00f5rtsu Sahver<\/a><\/strong>. Se on V\u00f5rtsj\u00e4rven kalastajien oma ravintola, jossa voit maistella paikallisia herkkuja.<\/p>\n\n\n\n<div class=\"wp-block-columns is-layout-flex wp-container-core-columns-is-layout-9d6595d7 wp-block-columns-is-layout-flex\">\n<div class=\"wp-block-column is-layout-flow wp-block-column-is-layout-flow\">\n<figure class=\"wp-block-image size-full\"><a href=\"https:\/\/visitviljandi.ee\/wp-content\/uploads\/2024\/01\/52973332472_12d39891d2_c-1.jpg\"><img loading=\"lazy\" decoding=\"async\" width=\"799\" height=\"533\" src=\"https:\/\/visitviljandi.ee\/wp-content\/uploads\/2024\/01\/52973332472_12d39891d2_c-1.jpg\" alt=\"Kahvila-ravintola Ajatu. Kuva: Silver K\u00f6ster\" class=\"wp-image-321696\" srcset=\"https:\/\/visitviljandi.ee\/wp-content\/uploads\/2024\/01\/52973332472_12d39891d2_c-1.jpg 799w, https:\/\/visitviljandi.ee\/wp-content\/uploads\/2024\/01\/52973332472_12d39891d2_c-1-300x200.jpg 300w, https:\/\/visitviljandi.ee\/wp-content\/uploads\/2024\/01\/52973332472_12d39891d2_c-1-768x512.jpg 768w\" sizes=\"auto, (max-width: 799px) 100vw, 799px\" \/><\/a><figcaption class=\"wp-element-caption\">Kahvila-ravintola Ajatu. Kuva: Silver K\u00f6ster<\/figcaption><\/figure>\n<\/div>\n\n\n\n<div class=\"wp-block-column is-layout-flow wp-block-column-is-layout-flow\">\n<figure class=\"wp-block-image size-full\"><a href=\"https:\/\/visitviljandi.ee\/wp-content\/uploads\/2024\/01\/51617852529_0614408d2a_c-1.jpg\"><img loading=\"lazy\" decoding=\"async\" width=\"799\" height=\"533\" src=\"https:\/\/visitviljandi.ee\/wp-content\/uploads\/2024\/01\/51617852529_0614408d2a_c-1.jpg\" alt=\"KoduKOHVIK. Kuva: Kristjan Kivistik\" class=\"wp-image-321703\" srcset=\"https:\/\/visitviljandi.ee\/wp-content\/uploads\/2024\/01\/51617852529_0614408d2a_c-1.jpg 799w, https:\/\/visitviljandi.ee\/wp-content\/uploads\/2024\/01\/51617852529_0614408d2a_c-1-300x200.jpg 300w, https:\/\/visitviljandi.ee\/wp-content\/uploads\/2024\/01\/51617852529_0614408d2a_c-1-768x512.jpg 768w\" sizes=\"auto, (max-width: 799px) 100vw, 799px\" \/><\/a><figcaption class=\"wp-element-caption\">KoduKOHVIK. Kuva: Kristjan Kivistik<\/figcaption><\/figure>\n<\/div>\n\n\n\n<div class=\"wp-block-column is-layout-flow wp-block-column-is-layout-flow\">\n<figure class=\"wp-block-image size-full\"><a href=\"https:\/\/visitviljandi.ee\/wp-content\/uploads\/2024\/01\/53284416934_339177c260_c.jpg\"><img loading=\"lazy\" decoding=\"async\" width=\"799\" height=\"533\" src=\"https:\/\/visitviljandi.ee\/wp-content\/uploads\/2024\/01\/53284416934_339177c260_c.jpg\" alt=\"Novell. Kuva: Kristjan Kivistik\" class=\"wp-image-321709\" srcset=\"https:\/\/visitviljandi.ee\/wp-content\/uploads\/2024\/01\/53284416934_339177c260_c.jpg 799w, https:\/\/visitviljandi.ee\/wp-content\/uploads\/2024\/01\/53284416934_339177c260_c-300x200.jpg 300w, https:\/\/visitviljandi.ee\/wp-content\/uploads\/2024\/01\/53284416934_339177c260_c-768x512.jpg 768w\" sizes=\"auto, (max-width: 799px) 100vw, 799px\" \/><\/a><figcaption class=\"wp-element-caption\">Novell. Kuva: Kristjan Kivistik<\/figcaption><\/figure>\n<\/div>\n<\/div>\n\n\n\n<p><strong>Tu\u0308rin<\/strong> pikkukaupungin ravintola <strong><a href=\"https:\/\/www.visitestonia.com\/fi\/kahvila-ravintola-ajatu?_ga=2.122188045.707243862.1705045726-998521901.1660638253\" target=\"_blank\" rel=\"noreferrer noopener\">Kohvikresto Ajatu<\/a><\/strong> on omistautunut puhtaille makuel\u00e4myksille. Siell\u00e4 moni nostalginen annoson saanut uuden muodon. Paikallisyhteis\u00f6n voimanponnistuksena kunnostetussa ravintolassa ruokailun kruunaa l\u00e4mminhenkinen ja kotoinen palvelu. Huoltoasemaravintola <strong><a href=\"https:\/\/www.visitestonia.com\/fi\/ravintola-tikupoiss\" target=\"_blank\" rel=\"noreferrer noopener\">Tikupoiss<\/a><\/strong><br>J\u00e4rvamaalla on uuden ajan perheyst\u00e4v\u00e4llinen ravintola, jossa hinta-laatu -suhde on kohdallaan.<\/p>\n\n\n\n<p>Makuel\u00e4myksi\u00e4 voit l\u00f6yt\u00e4\u00e4 yll\u00e4tt\u00e4vist\u00e4 &#8211; usein vaatimattoman oloisista &#8211; paikoista, joissa pitk\u00e4n kokemuksen omaava kokki taikoo maukasta sy\u00f6t\u00e4v\u00e4\u00e4.<\/p>\n\n\n\n<hr class=\"wp-block-separator has-alpha-channel-opacity\"\/>\n\n\n\n<h3 class=\"wp-block-heading\"><strong>Luonto ja kulttuuri<\/strong><\/h3>\n\n\n\n<p>Vehre\u00e4 Keski-Viro pursuaa erilaisia luontokohteita: kansallispuistoja, suojelualueita, retkeilyreittej\u00e4 ja luontokeskuksia. Soomaa, Mulgimaa ja valtavat suoalueet yll\u00e4tt\u00e4v\u00e4t vaeltajat ja maastopy\u00f6r\u00e4ilij\u00e4t erilaisilla yksityiskohdilla ja harvinaisuuksilla. Mik\u00e4li harkitset suuremman tilaisuuden j\u00e4rjest\u00e4mist\u00e4, kannattaa<br>vierailla <strong><a href=\"https:\/\/toosikannu.ee\/kokous-ja-lomakeskus-virossa\/\" target=\"_blank\" rel=\"noreferrer noopener\">Toosikannun lomakeskuksessa J\u00e4rvamaalla<\/a><\/strong>. Paikan erikoisuutena on iso saksanhirvien lauma.<br>Yhdist\u00e4 luontoretkeilyyn museovierailu. Aloita matkasi <strong><a href=\"https:\/\/www.visitestonia.com\/fi\/kakerdajan-rameen-retkipolku-2?_ga=2.208371344.303932760.1705299278-998521901.1660638253\" target=\"_blank\" rel=\"noreferrer noopener\">Kakerdajan<\/a> tai <a href=\"https:\/\/www.visitestonia.com\/fi\/kodrun-rameen-retkipolku\" target=\"_blank\" rel=\"noreferrer noopener\">Kodrun<\/a><\/strong> suoreiteilt\u00e4 ja p\u00e4\u00e4t\u00e4 vaelluksesi <strong><a href=\"https:\/\/www.visitestonia.com\/fi\/ahtammsaaren-museo-vargamaella?_ga=2.141170736.303932760.1705299278-998521901.1660638253\" target=\"_blank\" rel=\"noreferrer noopener\">A.H. Tammsaaren museon pihalle Vargam\u00e4ell\u00e4<\/a><\/strong>, jossa tutustut Viron kirjallisuuden<br>klassikkoteoksen \u201cTotuus ja oikeus\u201d syntyyn.<\/p>\n\n\n\n<p>K\u00e4ynti Anu Rauan perustamassa <strong><a href=\"https:\/\/visitviljandi.ee\/fi\/places\/heimtalin-kotiseutumuseo\/\" target=\"_blank\" rel=\"noreferrer noopener\">Heimtalin museossa<\/a><\/strong> on syv\u00e4sukellus kulttuuriperint\u00f6\u00f6n ja tekstiility\u00f6h\u00f6n antaen ev\u00e4it\u00e4 virolaisuuden ytimen ja kehittymisen ymm\u00e4rt\u00e4miseen. <\/p>\n\n\n\n<p><strong><a href=\"https:\/\/visitviljandi.ee\/fi\/maakunta\/soomaa\/\">Soomaan<\/a><\/strong> kansallispuiston erikoisuus on viides vuodenaika eli tulva. Se on koskemattomuudessaan erinomainen paikka tutustua Viron vesist\u00f6jen omalaatuisuuteen.<br><br>Viron suurimman sis\u00e4veden <strong><a href=\"https:\/\/visitviljandi.ee\/fi\/maakunta\/vortsjarvi\/\">V\u00f5rtsj\u00e4rven<\/a><\/strong> rannoilla kukoistaa monitahoinen rantakulttuuri. J\u00e4rven hy\u00f6dynt\u00e4minen eri tavoin, paikallinen el\u00e4m\u00e4ntapa ja kalastus kertovat j\u00e4rven merkityksest\u00e4.<br>J\u00e4rvi ei ole vain vesist\u00f6 vaan kulttuurinen maamerkki, joka yhdist\u00e4\u00e4 ihmisi\u00e4 ja yhteis\u00f6j\u00e4.<\/p>\n\n\n\n<div class=\"wp-block-columns is-layout-flex wp-container-core-columns-is-layout-9d6595d7 wp-block-columns-is-layout-flex\">\n<div class=\"wp-block-column is-layout-flow wp-block-column-is-layout-flow\">\n<figure class=\"wp-block-image size-large\"><a href=\"https:\/\/visitviljandi.ee\/wp-content\/uploads\/2024\/01\/Lake-Parika-Vaikejarv_Evolumina.jpg\"><img loading=\"lazy\" decoding=\"async\" width=\"1024\" height=\"683\" src=\"https:\/\/visitviljandi.ee\/wp-content\/uploads\/2024\/01\/Lake-Parika-Vaikejarv_Evolumina-1024x683.jpg\" alt=\"Parikan V\u00e4ikej\u00e4rven luontopolku\nKuva: Evolumina x Visit Estonia\" class=\"wp-image-321715\" srcset=\"https:\/\/visitviljandi.ee\/wp-content\/uploads\/2024\/01\/Lake-Parika-Vaikejarv_Evolumina-1024x683.jpg 1024w, https:\/\/visitviljandi.ee\/wp-content\/uploads\/2024\/01\/Lake-Parika-Vaikejarv_Evolumina-300x200.jpg 300w, https:\/\/visitviljandi.ee\/wp-content\/uploads\/2024\/01\/Lake-Parika-Vaikejarv_Evolumina-768x512.jpg 768w, https:\/\/visitviljandi.ee\/wp-content\/uploads\/2024\/01\/Lake-Parika-Vaikejarv_Evolumina-1536x1024.jpg 1536w, https:\/\/visitviljandi.ee\/wp-content\/uploads\/2024\/01\/Lake-Parika-Vaikejarv_Evolumina.jpg 1920w\" sizes=\"auto, (max-width: 1024px) 100vw, 1024px\" \/><\/a><figcaption class=\"wp-element-caption\">Parikan V\u00e4ikej\u00e4rven luontopolku\nKuva: Evolumina x Visit Estonia<\/figcaption><\/figure>\n<\/div>\n\n\n\n<div class=\"wp-block-column is-layout-flow wp-block-column-is-layout-flow\">\n<figure class=\"wp-block-image size-large\"><a href=\"https:\/\/visitviljandi.ee\/wp-content\/uploads\/2024\/01\/Soomaa_Jarek-Joepera.jpg\"><img loading=\"lazy\" decoding=\"async\" width=\"1024\" height=\"677\" src=\"https:\/\/visitviljandi.ee\/wp-content\/uploads\/2024\/01\/Soomaa_Jarek-Joepera-1024x677.jpg\" alt=\"Soomaan kansallispuisto. Kuva: Jarek J\u00f5epera x Visit Estonia\" class=\"wp-image-321721\" srcset=\"https:\/\/visitviljandi.ee\/wp-content\/uploads\/2024\/01\/Soomaa_Jarek-Joepera-1024x677.jpg 1024w, https:\/\/visitviljandi.ee\/wp-content\/uploads\/2024\/01\/Soomaa_Jarek-Joepera-300x198.jpg 300w, https:\/\/visitviljandi.ee\/wp-content\/uploads\/2024\/01\/Soomaa_Jarek-Joepera-768x508.jpg 768w, https:\/\/visitviljandi.ee\/wp-content\/uploads\/2024\/01\/Soomaa_Jarek-Joepera-1536x1016.jpg 1536w, https:\/\/visitviljandi.ee\/wp-content\/uploads\/2024\/01\/Soomaa_Jarek-Joepera.jpg 1920w\" sizes=\"auto, (max-width: 1024px) 100vw, 1024px\" \/><\/a><figcaption class=\"wp-element-caption\">Soomaan kansallispuisto. Kuva: Jarek J\u00f5epera x Visit Estonia<\/figcaption><\/figure>\n<\/div>\n\n\n\n<div class=\"wp-block-column is-layout-flow wp-block-column-is-layout-flow\">\n<figure class=\"wp-block-image size-full\"><a href=\"https:\/\/visitviljandi.ee\/wp-content\/uploads\/2024\/01\/53093070829_3f92ebfe0a_c.jpg\"><img loading=\"lazy\" decoding=\"async\" width=\"800\" height=\"533\" src=\"https:\/\/visitviljandi.ee\/wp-content\/uploads\/2024\/01\/53093070829_3f92ebfe0a_c.jpg\" alt=\"V\u00f5rtsj\u00e4rvi. Kuva: Taavid Meedia x Visit VIljandi\" class=\"wp-image-321727\" srcset=\"https:\/\/visitviljandi.ee\/wp-content\/uploads\/2024\/01\/53093070829_3f92ebfe0a_c.jpg 800w, https:\/\/visitviljandi.ee\/wp-content\/uploads\/2024\/01\/53093070829_3f92ebfe0a_c-300x200.jpg 300w, https:\/\/visitviljandi.ee\/wp-content\/uploads\/2024\/01\/53093070829_3f92ebfe0a_c-768x512.jpg 768w\" sizes=\"auto, (max-width: 800px) 100vw, 800px\" \/><\/a><figcaption class=\"wp-element-caption\">V\u00f5rtsj\u00e4rvi. Kuva: Taavid Meedia x Visit VIljandi<\/figcaption><\/figure>\n<\/div>\n<\/div>\n\n\n\n<hr class=\"wp-block-separator has-alpha-channel-opacity\"\/>\n\n\n\n<h3 class=\"wp-block-heading\"><strong>Palauta kylpem\u00e4ll\u00e4 el\u00e4m\u00e4nilosi ja voimasi<\/strong><\/h3>\n\n\n\n<p>Hemmottele itse\u00e4si ylellisell\u00e4 irtiotolla arjesta. Ota omaa aikaa ja nauti kylpyl\u00f6iden monipuolisesta tarjonnasta. Ikkunoista avautuu upea maisema ja voit n\u00e4in yhdist\u00e4\u00e4 luonnon ja hoitojen parhaat<br>puolet. <\/p>\n\n\n\n<p>Nauti koko syd\u00e4mest\u00e4si alueen viiden suurimman kylpyl\u00e4-hotellin palveluista.<\/p>\n\n\n\n<ul class=\"wp-block-list\">\n<li><strong><a href=\"https:\/\/visitviljandi.ee\/fi\/places\/hotelli-wagenkull\/\">Wagenku\u0308llin kartanon kylpyl\u00e4<\/a><\/strong><\/li>\n\n\n\n<li><strong><a href=\"https:\/\/visitviljandi.ee\/fi\/places\/schloss-fellin-2-2\/\">Schloss Fellinin kylpyl\u00e4<\/a><\/strong><\/li>\n\n\n\n<li><strong><a href=\"https:\/\/visitviljandi.ee\/fi\/places\/torva-veemonula-2\/\">T\u00f5rvan kylpyl\u00e4<\/a><\/strong><\/li>\n\n\n\n<li><strong><a href=\"https:\/\/visitviljandi.ee\/fi\/places\/villa-the-manor-sports-spa-2\/\">Manor Sports &amp; Spa<\/a><\/strong><\/li>\n\n\n\n<li><strong><a href=\"https:\/\/www.visitestonia.com\/fi\/paiden-spa-hotelli\" target=\"_blank\" rel=\"noreferrer noopener\">Paide SPA hotelli<\/a><\/strong><\/li>\n<\/ul>\n\n\n\n<p>Paikalliset ylelliset kylpyl\u00e4-hotellit tarjoavat tasokkaita hoitoja mutta ei pid\u00e4 unohtaa my\u00f6sk\u00e4\u00e4n pienempi\u00e4 kylpyl\u00f6it\u00e4 ja uimaloita. <strong><a href=\"https:\/\/visitviljandi.ee\/fi\/places\/suure-jaani-tervisekojan-vesikeskus\/\">Suure-Jaani Tervisekeskuksessa<\/a><\/strong> ja <strong><a href=\"https:\/\/visitviljandi.ee\/fi\/places\/abjan-uimahalli-kylpyla\/\">Abja-Paluoja Sporti ja tervisekeskuksessa<\/a><\/strong>, voit my\u00f6s ammentaa hyv\u00e4\u00e4 oloa.<\/p>\n\n\n\n<div class=\"wp-block-columns is-layout-flex wp-container-core-columns-is-layout-9d6595d7 wp-block-columns-is-layout-flex\">\n<div class=\"wp-block-column is-layout-flow wp-block-column-is-layout-flow\">\n<figure class=\"wp-block-image size-large\"><a href=\"https:\/\/visitviljandi.ee\/wp-content\/uploads\/2024\/01\/Screenshot-2024-01-15-at-09.14.10.jpg\"><img loading=\"lazy\" decoding=\"async\" width=\"1024\" height=\"682\" src=\"https:\/\/visitviljandi.ee\/wp-content\/uploads\/2024\/01\/Screenshot-2024-01-15-at-09.14.10-1024x682.jpg\" alt=\"Wagenku\u0308llin kartanon kylpyl\u00e4. Kuva: Wagenku\u0308ll Hotell\" class=\"wp-image-321736\" srcset=\"https:\/\/visitviljandi.ee\/wp-content\/uploads\/2024\/01\/Screenshot-2024-01-15-at-09.14.10-1024x682.jpg 1024w, https:\/\/visitviljandi.ee\/wp-content\/uploads\/2024\/01\/Screenshot-2024-01-15-at-09.14.10-300x200.jpg 300w, https:\/\/visitviljandi.ee\/wp-content\/uploads\/2024\/01\/Screenshot-2024-01-15-at-09.14.10-768x511.jpg 768w, https:\/\/visitviljandi.ee\/wp-content\/uploads\/2024\/01\/Screenshot-2024-01-15-at-09.14.10-1536x1022.jpg 1536w, https:\/\/visitviljandi.ee\/wp-content\/uploads\/2024\/01\/Screenshot-2024-01-15-at-09.14.10.jpg 1920w\" sizes=\"auto, (max-width: 1024px) 100vw, 1024px\" \/><\/a><figcaption class=\"wp-element-caption\">Wagenku\u0308llin kartanon kylpyl\u00e4. Kuva: Wagenku\u0308ll Hotell<\/figcaption><\/figure>\n<\/div>\n\n\n\n<div class=\"wp-block-column is-layout-flow wp-block-column-is-layout-flow\">\n<figure class=\"wp-block-image size-large\"><a href=\"https:\/\/visitviljandi.ee\/wp-content\/uploads\/2024\/01\/Torva-Veemonula-Veeb-_5T_0385-Edit.jpg\"><img loading=\"lazy\" decoding=\"async\" width=\"1024\" height=\"683\" src=\"https:\/\/visitviljandi.ee\/wp-content\/uploads\/2024\/01\/Torva-Veemonula-Veeb-_5T_0385-Edit-1024x683.jpg\" alt=\"T\u00f5rvan kylpyl\u00e4. Kuva: Rene Tu\u0308rk\" class=\"wp-image-321743\" srcset=\"https:\/\/visitviljandi.ee\/wp-content\/uploads\/2024\/01\/Torva-Veemonula-Veeb-_5T_0385-Edit-1024x683.jpg 1024w, https:\/\/visitviljandi.ee\/wp-content\/uploads\/2024\/01\/Torva-Veemonula-Veeb-_5T_0385-Edit-300x200.jpg 300w, https:\/\/visitviljandi.ee\/wp-content\/uploads\/2024\/01\/Torva-Veemonula-Veeb-_5T_0385-Edit-768x512.jpg 768w, https:\/\/visitviljandi.ee\/wp-content\/uploads\/2024\/01\/Torva-Veemonula-Veeb-_5T_0385-Edit-1536x1025.jpg 1536w, https:\/\/visitviljandi.ee\/wp-content\/uploads\/2024\/01\/Torva-Veemonula-Veeb-_5T_0385-Edit.jpg 1920w\" sizes=\"auto, (max-width: 1024px) 100vw, 1024px\" \/><\/a><figcaption class=\"wp-element-caption\">T\u00f5rvan kylpyl\u00e4. Kuva: Rene Tu\u0308rk<\/figcaption><\/figure>\n<\/div>\n\n\n\n<div class=\"wp-block-column is-layout-flow wp-block-column-is-layout-flow\">\n<figure class=\"wp-block-image size-large\"><a href=\"https:\/\/visitviljandi.ee\/wp-content\/uploads\/2024\/01\/SZ_211207_NIKON-D850075.jpg\"><img loading=\"lazy\" decoding=\"async\" width=\"1024\" height=\"683\" src=\"https:\/\/visitviljandi.ee\/wp-content\/uploads\/2024\/01\/SZ_211207_NIKON-D850075-1024x683.jpg\" alt=\"T\u00f5rvan kylpyl\u00e4. Kuva: Sven Za\u010dek\" class=\"wp-image-321749\" srcset=\"https:\/\/visitviljandi.ee\/wp-content\/uploads\/2024\/01\/SZ_211207_NIKON-D850075-1024x683.jpg 1024w, https:\/\/visitviljandi.ee\/wp-content\/uploads\/2024\/01\/SZ_211207_NIKON-D850075-300x200.jpg 300w, https:\/\/visitviljandi.ee\/wp-content\/uploads\/2024\/01\/SZ_211207_NIKON-D850075-768x512.jpg 768w, https:\/\/visitviljandi.ee\/wp-content\/uploads\/2024\/01\/SZ_211207_NIKON-D850075-1536x1024.jpg 1536w, https:\/\/visitviljandi.ee\/wp-content\/uploads\/2024\/01\/SZ_211207_NIKON-D850075.jpg 1600w\" sizes=\"auto, (max-width: 1024px) 100vw, 1024px\" \/><\/a><figcaption class=\"wp-element-caption\">T\u00f5rvan kylpyl\u00e4. Kuva: Sven Za\u010dek<\/figcaption><\/figure>\n<\/div>\n<\/div>\n\n\n\n<hr class=\"wp-block-separator has-alpha-channel-opacity\"\/>\n\n\n\n<p><strong>Matkailuautolla Viron syd\u00e4mess\u00e4: Keski-Viro, Viljandi ja Mulgimaa<\/strong><\/p>\n\n\n\n<figure class=\"wp-block-image size-large\"><a href=\"https:\/\/visitviljandi.ee\/wp-content\/uploads\/2024\/01\/Matkaauto_Magede_kulas_Autor_Margus_Kontus-edited.jpeg\"><img loading=\"lazy\" decoding=\"async\" width=\"1024\" height=\"576\" src=\"https:\/\/visitviljandi.ee\/wp-content\/uploads\/2024\/01\/Matkaauto_Magede_kulas_Autor_Margus_Kontus-edited-1024x576.jpeg\" alt=\"Matkailuauto M\u00e4geden kyl\u00e4ss\u00e4. Kuva: Margus Kontus\" class=\"wp-image-321756\" srcset=\"https:\/\/visitviljandi.ee\/wp-content\/uploads\/2024\/01\/Matkaauto_Magede_kulas_Autor_Margus_Kontus-edited-1024x576.jpeg 1024w, https:\/\/visitviljandi.ee\/wp-content\/uploads\/2024\/01\/Matkaauto_Magede_kulas_Autor_Margus_Kontus-edited-300x169.jpeg 300w, https:\/\/visitviljandi.ee\/wp-content\/uploads\/2024\/01\/Matkaauto_Magede_kulas_Autor_Margus_Kontus-edited-768x432.jpeg 768w, https:\/\/visitviljandi.ee\/wp-content\/uploads\/2024\/01\/Matkaauto_Magede_kulas_Autor_Margus_Kontus-edited-1536x864.jpeg 1536w, https:\/\/visitviljandi.ee\/wp-content\/uploads\/2024\/01\/Matkaauto_Magede_kulas_Autor_Margus_Kontus-edited.jpeg 1920w\" sizes=\"auto, (max-width: 1024px) 100vw, 1024px\" \/><\/a><figcaption class=\"wp-element-caption\">Matkailuauto M\u00e4geden kyl\u00e4ss\u00e4. Kuva: Margus Kontus<\/figcaption><\/figure>\n\n\n\n<p>Matkailuautolla tai asuntovaunulla liikkuminen on erinomainen tapa viett\u00e4\u00e4 yhteist\u00e4 laatuaikaa perheen ja yst\u00e4vien kanssa. V\u00e4h\u00e4ll\u00e4 vaivalla voit l\u00f6yt\u00e4\u00e4 itsellesi sopivan ja kiinnostavan kohteen. Automatka Viron syd\u00e4mess\u00e4 tarjoaa kauniita maisemia ja mahdollisuuden tutustua paikalliskulttuureihin. QR-koodilla<br>l\u00f6yd\u00e4t tietoa Keski-Viron kohteista <strong><a href=\"https:\/\/www.visitestonia.com\/fi\/valgehobusemaen-hiihto-ja-lomakeskuksen-matkakoti?_ga=2.135888563.303932760.1705299278-998521901.1660638253\" target=\"_blank\" rel=\"noreferrer noopener\">Valgehobusem\u00e4elt\u00e4<\/a> <a href=\"https:\/\/visittorva.ee\/en\/\" target=\"_blank\" rel=\"noreferrer noopener\">T\u00f5rvaan<\/a> ja <a href=\"https:\/\/visitpoltsamaa.com\/fi\/\">P\u00f5ltsamaalta<\/a> <a href=\"https:\/\/visitviljandi.ee\/fi\/maakunta\/soomaa\/\">Soomaalle<\/a><\/strong>.<\/p>\n\n\n\n<p>Tutustu Keski-Viron karavaanarikarttaan: <a href=\"https:\/\/visitviljandi.ee\/fi\/matkailuautolla-tai-vaunulla-viron-sydamessa-keski-viro-viljandi-ja-mulgimaa\/\">visitviljandi.ee\/fi\/matkailuautolla-tai-vaunulla-viron-sydamessa-keski-viro-viljandi-ja-mulgimaa\/<\/a><\/p>\n\n\n\n<hr class=\"wp-block-separator has-alpha-channel-opacity\"\/>\n\n\n\n<h3 class=\"wp-block-heading\"><strong>P\u00f5ltsamaa<\/strong><\/h3>\n\n\n\n<p>Puistomainen P\u00f5ltsamaa yll\u00e4tt\u00e4\u00e4 omaleimaisena siltojen, ruusujen ja viinin pikkukaupunkina. Kaupungin ylpeys ovat upeat kartanot, joiden ylle kohoaa kaupungin l\u00e4pikulkevan joen rannalla sijaitseva linnoitus ja sen torni. Nauti hetki rauhallisesta k\u00e4velyretkest\u00e4 19 sillalla: Kulje yli vallihaudan, joen rannalla ja sen saarilla. K\u00e4ynti P\u00f5ltsamaalla on vierailu paratiisiin, jossa kauneus, historialliset aarteet ja rauha pys\u00e4ytt\u00e4v\u00e4t ja tarjoavat unohtumattoman kokemuksen.<\/p>\n\n\n\n<p><strong>TOP 5 P\u00f5ltsamaalla:<\/strong><\/p>\n\n\n\n<ul class=\"wp-block-list\">\n<li><a href=\"https:\/\/visitpoltsamaa.com\/fi\/\"><strong>P\u00f5ltsamaan linna<\/strong><\/a><\/li>\n\n\n\n<li><strong><a href=\"https:\/\/www.visitestonia.com\/fi\/poltsamaan-roosisaar\" target=\"_blank\" rel=\"noreferrer noopener\">P\u00f5ltsamaan ruusujen saari<\/a> ja <a href=\"https:\/\/www.visitestonia.com\/fi\/kiertokaynti-poltsamaan-19-siltaa\" target=\"_blank\" rel=\"noreferrer noopener\">19 siltaa<\/a><\/strong><\/li>\n\n\n\n<li><a href=\"https:\/\/visitpoltsamaa.com\/fi\/wpark\/\"><strong>Seikkailu- ja vesipuisto WPark Kamarij\u00e4rvell\u00e4<\/strong><\/a><\/li>\n\n\n\n<li><strong><a href=\"https:\/\/visitpoltsamaa.com\/fi\/sarapikun-tilan-maissilabyrintti\/\" target=\"_blank\" rel=\"noreferrer noopener\">Toretalun peltolabyrintti<\/a><\/strong><\/li>\n\n\n\n<li><a href=\"https:\/\/visitpoltsamaa.com\/fi\/kuningamaen-kartingrata\/\" target=\"_blank\" rel=\"noreferrer noopener\"><strong>Kuningam\u00e4en Kartingkeskus<\/strong><\/a><\/li>\n<\/ul>\n\n\n\n<div class=\"wp-block-columns is-layout-flex wp-container-core-columns-is-layout-9d6595d7 wp-block-columns-is-layout-flex\">\n<div class=\"wp-block-column is-layout-flow wp-block-column-is-layout-flow\">\n<figure class=\"wp-block-image size-large\"><a href=\"https:\/\/visitviljandi.ee\/wp-content\/uploads\/2024\/01\/Poltsamaa-Loss-Tonu-Tunnel.jpg\"><img loading=\"lazy\" decoding=\"async\" width=\"1024\" height=\"767\" src=\"https:\/\/visitviljandi.ee\/wp-content\/uploads\/2024\/01\/Poltsamaa-Loss-Tonu-Tunnel-1024x767.jpg\" alt=\"P\u00f5ltsamaan linna. Kuva: T\u00f5nu Tunnel\" class=\"wp-image-321770\" srcset=\"https:\/\/visitviljandi.ee\/wp-content\/uploads\/2024\/01\/Poltsamaa-Loss-Tonu-Tunnel-1024x767.jpg 1024w, https:\/\/visitviljandi.ee\/wp-content\/uploads\/2024\/01\/Poltsamaa-Loss-Tonu-Tunnel-300x225.jpg 300w, https:\/\/visitviljandi.ee\/wp-content\/uploads\/2024\/01\/Poltsamaa-Loss-Tonu-Tunnel-768x575.jpg 768w, https:\/\/visitviljandi.ee\/wp-content\/uploads\/2024\/01\/Poltsamaa-Loss-Tonu-Tunnel-1536x1150.jpg 1536w, https:\/\/visitviljandi.ee\/wp-content\/uploads\/2024\/01\/Poltsamaa-Loss-Tonu-Tunnel.jpg 1920w\" sizes=\"auto, (max-width: 1024px) 100vw, 1024px\" \/><\/a><figcaption class=\"wp-element-caption\">P\u00f5ltsamaan linna. Kuva: T\u00f5nu Tunnel<\/figcaption><\/figure>\n<\/div>\n\n\n\n<div class=\"wp-block-column is-layout-flow wp-block-column-is-layout-flow\">\n<figure class=\"wp-block-image size-large\"><a href=\"https:\/\/visitviljandi.ee\/wp-content\/uploads\/2024\/01\/Poltsamaa-Roosisaar-Ragnar-Vutt.jpg\"><img loading=\"lazy\" decoding=\"async\" width=\"1024\" height=\"767\" src=\"https:\/\/visitviljandi.ee\/wp-content\/uploads\/2024\/01\/Poltsamaa-Roosisaar-Ragnar-Vutt-1024x767.jpg\" alt=\"P\u00f5ltsamaan ruusujen saari ja 19 siltaa. Kuva: Ragnar Vutt\" class=\"wp-image-321788\" srcset=\"https:\/\/visitviljandi.ee\/wp-content\/uploads\/2024\/01\/Poltsamaa-Roosisaar-Ragnar-Vutt-1024x767.jpg 1024w, https:\/\/visitviljandi.ee\/wp-content\/uploads\/2024\/01\/Poltsamaa-Roosisaar-Ragnar-Vutt-300x225.jpg 300w, https:\/\/visitviljandi.ee\/wp-content\/uploads\/2024\/01\/Poltsamaa-Roosisaar-Ragnar-Vutt-768x576.jpg 768w, https:\/\/visitviljandi.ee\/wp-content\/uploads\/2024\/01\/Poltsamaa-Roosisaar-Ragnar-Vutt-1536x1151.jpg 1536w, https:\/\/visitviljandi.ee\/wp-content\/uploads\/2024\/01\/Poltsamaa-Roosisaar-Ragnar-Vutt.jpg 1920w\" sizes=\"auto, (max-width: 1024px) 100vw, 1024px\" \/><\/a><figcaption class=\"wp-element-caption\">P\u00f5ltsamaan ruusujen saari ja 19 siltaa. Kuva: Ragnar Vutt<\/figcaption><\/figure>\n<\/div>\n\n\n\n<div class=\"wp-block-column is-layout-flow wp-block-column-is-layout-flow\">\n<figure class=\"wp-block-image size-large\"><a href=\"https:\/\/visitviljandi.ee\/wp-content\/uploads\/2024\/01\/WPark-WPark.jpg\"><img loading=\"lazy\" decoding=\"async\" width=\"1024\" height=\"683\" src=\"https:\/\/visitviljandi.ee\/wp-content\/uploads\/2024\/01\/WPark-WPark-1024x683.jpg\" alt=\"Seikkailu- ja vesipuisto WPark\nKamarij\u00e4rvell\u00e4. Kuva: Timo Mu\u0308u\u0308rsepp\" class=\"wp-image-321782\" srcset=\"https:\/\/visitviljandi.ee\/wp-content\/uploads\/2024\/01\/WPark-WPark-1024x683.jpg 1024w, https:\/\/visitviljandi.ee\/wp-content\/uploads\/2024\/01\/WPark-WPark-300x200.jpg 300w, https:\/\/visitviljandi.ee\/wp-content\/uploads\/2024\/01\/WPark-WPark-768x512.jpg 768w, https:\/\/visitviljandi.ee\/wp-content\/uploads\/2024\/01\/WPark-WPark-1536x1024.jpg 1536w, https:\/\/visitviljandi.ee\/wp-content\/uploads\/2024\/01\/WPark-WPark.jpg 1920w\" sizes=\"auto, (max-width: 1024px) 100vw, 1024px\" \/><\/a><figcaption class=\"wp-element-caption\">Seikkailu- ja vesipuisto WPark\nKamarij\u00e4rvell\u00e4. Kuva: Timo Mu\u0308u\u0308rsepp<\/figcaption><\/figure>\n<\/div>\n<\/div>\n\n\n\n<div class=\"wp-block-columns is-layout-flex wp-container-core-columns-is-layout-9d6595d7 wp-block-columns-is-layout-flex\">\n<div class=\"wp-block-column is-layout-flow wp-block-column-is-layout-flow\">\n<figure class=\"wp-block-image size-large\"><a href=\"https:\/\/visitviljandi.ee\/wp-content\/uploads\/2024\/01\/Toretalu-maisilaburint-Magnus-Heinmets-x-Visit-Estonia.jpg\"><img loading=\"lazy\" decoding=\"async\" width=\"1024\" height=\"682\" src=\"https:\/\/visitviljandi.ee\/wp-content\/uploads\/2024\/01\/Toretalu-maisilaburint-Magnus-Heinmets-x-Visit-Estonia-1024x682.jpg\" alt=\"Toretalun peltolabyrintti. \nKuva: Magnus Heinmets x Visit Estonia\" class=\"wp-image-321776\" srcset=\"https:\/\/visitviljandi.ee\/wp-content\/uploads\/2024\/01\/Toretalu-maisilaburint-Magnus-Heinmets-x-Visit-Estonia-1024x682.jpg 1024w, https:\/\/visitviljandi.ee\/wp-content\/uploads\/2024\/01\/Toretalu-maisilaburint-Magnus-Heinmets-x-Visit-Estonia-300x200.jpg 300w, https:\/\/visitviljandi.ee\/wp-content\/uploads\/2024\/01\/Toretalu-maisilaburint-Magnus-Heinmets-x-Visit-Estonia-768x512.jpg 768w, https:\/\/visitviljandi.ee\/wp-content\/uploads\/2024\/01\/Toretalu-maisilaburint-Magnus-Heinmets-x-Visit-Estonia-1536x1023.jpg 1536w, https:\/\/visitviljandi.ee\/wp-content\/uploads\/2024\/01\/Toretalu-maisilaburint-Magnus-Heinmets-x-Visit-Estonia.jpg 1920w\" sizes=\"auto, (max-width: 1024px) 100vw, 1024px\" \/><\/a><figcaption class=\"wp-element-caption\">Toretalun peltolabyrintti. \nKuva: Magnus Heinmets x Visit Estonia<\/figcaption><\/figure>\n<\/div>\n\n\n\n<div class=\"wp-block-column is-layout-flow wp-block-column-is-layout-flow\">\n<figure class=\"wp-block-image size-large\"><a href=\"https:\/\/visitviljandi.ee\/wp-content\/uploads\/2024\/01\/Kuningamae-Kardikeskus-Magnus-Heinmets-x-Visit-Estonia.jpg\"><img loading=\"lazy\" decoding=\"async\" width=\"1024\" height=\"683\" src=\"https:\/\/visitviljandi.ee\/wp-content\/uploads\/2024\/01\/Kuningamae-Kardikeskus-Magnus-Heinmets-x-Visit-Estonia-1024x683.jpg\" alt=\"Kuningam\u00e4en Kartingkeskus. \nKuva: Magnus Heinmets x Visit Estonia\" class=\"wp-image-321764\" srcset=\"https:\/\/visitviljandi.ee\/wp-content\/uploads\/2024\/01\/Kuningamae-Kardikeskus-Magnus-Heinmets-x-Visit-Estonia-1024x683.jpg 1024w, https:\/\/visitviljandi.ee\/wp-content\/uploads\/2024\/01\/Kuningamae-Kardikeskus-Magnus-Heinmets-x-Visit-Estonia-300x200.jpg 300w, https:\/\/visitviljandi.ee\/wp-content\/uploads\/2024\/01\/Kuningamae-Kardikeskus-Magnus-Heinmets-x-Visit-Estonia-768x512.jpg 768w, https:\/\/visitviljandi.ee\/wp-content\/uploads\/2024\/01\/Kuningamae-Kardikeskus-Magnus-Heinmets-x-Visit-Estonia-1536x1025.jpg 1536w, https:\/\/visitviljandi.ee\/wp-content\/uploads\/2024\/01\/Kuningamae-Kardikeskus-Magnus-Heinmets-x-Visit-Estonia.jpg 1920w\" sizes=\"auto, (max-width: 1024px) 100vw, 1024px\" \/><\/a><figcaption class=\"wp-element-caption\">Kuningam\u00e4en Kartingkeskus. \nKuva: Magnus Heinmets x Visit Estonia<\/figcaption><\/figure>\n<\/div>\n<\/div>\n\n\n\n<hr class=\"wp-block-separator has-alpha-channel-opacity\"\/>\n\n\n\n<h3 class=\"wp-block-heading\"><strong>T\u00f5rva<\/strong><\/h3>\n\n\n\n<p>Mulgimaan kylpyl\u00e4kaupunki T\u00f5rva hurmaa monipuolisuudellaan ja kauneudellaan. Viher- ja vesialueet ymp\u00e4r\u00f6iv\u00e4t modernisoitua kaupungin keskusaukiota, joka on samanaikaisesti juhlava ja kotoinen. Kaupungissa on per\u00e4ti nelj\u00e4 j\u00e4rve\u00e4, joiden rannoilla on useita mukavia virkistysalueita. Aktiivisen loman harrastajat viihtyv\u00e4t T\u00f5rvan retkeily- ja hyvinvointireiteill\u00e4. Ne muodostavat kaupunkiin vihre\u00e4n verkoston.<br>Monipuoliset ruokailu- ja y\u00f6pymismahdollisuudet sek\u00e4 lukuisat virkist\u00e4ytymis- ja vapaa-ajan viettopaikat ovat tehneet T\u00f5rvasta yhden Viron miellytt\u00e4vimmist\u00e4 lomapaikoista.<\/p>\n\n\n\n<p><strong>TOP 5 T\u00f5rvassa ja l\u00e4hiymp\u00e4rist\u00f6ss\u00e4:<\/strong><\/p>\n\n\n\n<ul class=\"wp-block-list\">\n<li><strong><a href=\"https:\/\/visitviljandi.ee\/fi\/places\/mulgi-elamyskeskus\/\">Mulgi El\u00e4myskeskus<\/a><\/strong><\/li>\n\n\n\n<li><strong><a href=\"https:\/\/visitviljandi.ee\/fi\/places\/helmen-ritarilinnoituksen-rauniot\/\">Helmen ritarilinnoituksen rauniot<\/a> ja <a href=\"https:\/\/visitviljandi.ee\/fi\/places\/helmen-luolat\/\">luolat<\/a><\/strong><\/li>\n\n\n\n<li><strong><a href=\"https:\/\/visitviljandi.ee\/fi\/places\/barclay-de-tollyn-mausoleumi\/\">Barclay de Tollyn mausoleumi<\/a><\/strong><\/li>\n\n\n\n<li><strong><a href=\"https:\/\/visitviljandi.ee\/fi\/places\/taageperan-linna\/\">Taageperan kartano<\/a><\/strong><\/li>\n\n\n\n<li><strong><a href=\"https:\/\/visitviljandi.ee\/fi\/places\/viron-kansallinen-pianomuseo\/\">Holdren kartano ja Viron pianomuseo<\/a><\/strong><\/li>\n<\/ul>\n\n\n\n<div class=\"wp-block-columns is-layout-flex wp-container-core-columns-is-layout-9d6595d7 wp-block-columns-is-layout-flex\">\n<div class=\"wp-block-column is-layout-flow wp-block-column-is-layout-flow\">\n<figure class=\"wp-block-image size-large\"><a href=\"https:\/\/visitviljandi.ee\/wp-content\/uploads\/2024\/01\/Screenshot-2024-01-15-at-10.30.55.jpg\"><img loading=\"lazy\" decoding=\"async\" width=\"1024\" height=\"679\" src=\"https:\/\/visitviljandi.ee\/wp-content\/uploads\/2024\/01\/Screenshot-2024-01-15-at-10.30.55-1024x679.jpg\" alt=\"Mulgi El\u00e4myskeskus. \nKuva: Taavi Bergmann\" class=\"wp-image-321797\" srcset=\"https:\/\/visitviljandi.ee\/wp-content\/uploads\/2024\/01\/Screenshot-2024-01-15-at-10.30.55-1024x679.jpg 1024w, https:\/\/visitviljandi.ee\/wp-content\/uploads\/2024\/01\/Screenshot-2024-01-15-at-10.30.55-300x199.jpg 300w, https:\/\/visitviljandi.ee\/wp-content\/uploads\/2024\/01\/Screenshot-2024-01-15-at-10.30.55-768x509.jpg 768w, https:\/\/visitviljandi.ee\/wp-content\/uploads\/2024\/01\/Screenshot-2024-01-15-at-10.30.55-1536x1018.jpg 1536w, https:\/\/visitviljandi.ee\/wp-content\/uploads\/2024\/01\/Screenshot-2024-01-15-at-10.30.55.jpg 1920w\" sizes=\"auto, (max-width: 1024px) 100vw, 1024px\" \/><\/a><figcaption class=\"wp-element-caption\">Mulgi El\u00e4myskeskus. \nKuva: Taavi Bergmann<\/figcaption><\/figure>\n<\/div>\n\n\n\n<div class=\"wp-block-column is-layout-flow wp-block-column-is-layout-flow\">\n<figure class=\"wp-block-image size-large\"><a href=\"https:\/\/visitviljandi.ee\/wp-content\/uploads\/2024\/01\/Screenshot-2024-01-15-at-10.34.40.jpg\"><img loading=\"lazy\" decoding=\"async\" width=\"1024\" height=\"682\" src=\"https:\/\/visitviljandi.ee\/wp-content\/uploads\/2024\/01\/Screenshot-2024-01-15-at-10.34.40-1024x682.jpg\" alt=\"Helmen ritarilinnoituksen rauniot ja luolat. Kuva: Sven Za\u010dek\" class=\"wp-image-321803\" srcset=\"https:\/\/visitviljandi.ee\/wp-content\/uploads\/2024\/01\/Screenshot-2024-01-15-at-10.34.40-1024x682.jpg 1024w, https:\/\/visitviljandi.ee\/wp-content\/uploads\/2024\/01\/Screenshot-2024-01-15-at-10.34.40-300x200.jpg 300w, https:\/\/visitviljandi.ee\/wp-content\/uploads\/2024\/01\/Screenshot-2024-01-15-at-10.34.40-768x511.jpg 768w, https:\/\/visitviljandi.ee\/wp-content\/uploads\/2024\/01\/Screenshot-2024-01-15-at-10.34.40-1536x1022.jpg 1536w, https:\/\/visitviljandi.ee\/wp-content\/uploads\/2024\/01\/Screenshot-2024-01-15-at-10.34.40.jpg 1920w\" sizes=\"auto, (max-width: 1024px) 100vw, 1024px\" \/><\/a><figcaption class=\"wp-element-caption\">Helmen ritarilinnoituksen rauniot ja luolat. Kuva: Sven Za\u010dek<\/figcaption><\/figure>\n<\/div>\n\n\n\n<div class=\"wp-block-column is-layout-flow wp-block-column-is-layout-flow\">\n<figure class=\"wp-block-image size-large\"><a href=\"https:\/\/visitviljandi.ee\/wp-content\/uploads\/2024\/01\/zf_SZ_211003_NIKON-D850_004.jpg\"><img loading=\"lazy\" decoding=\"async\" width=\"1024\" height=\"683\" src=\"https:\/\/visitviljandi.ee\/wp-content\/uploads\/2024\/01\/zf_SZ_211003_NIKON-D850_004-1024x683.jpg\" alt=\"Barclay de Tollyn mausoleumi. Kuva: Sven Za\u010dek\" class=\"wp-image-321809\" srcset=\"https:\/\/visitviljandi.ee\/wp-content\/uploads\/2024\/01\/zf_SZ_211003_NIKON-D850_004-1024x683.jpg 1024w, https:\/\/visitviljandi.ee\/wp-content\/uploads\/2024\/01\/zf_SZ_211003_NIKON-D850_004-300x200.jpg 300w, https:\/\/visitviljandi.ee\/wp-content\/uploads\/2024\/01\/zf_SZ_211003_NIKON-D850_004-768x512.jpg 768w, https:\/\/visitviljandi.ee\/wp-content\/uploads\/2024\/01\/zf_SZ_211003_NIKON-D850_004.jpg 1200w\" sizes=\"auto, (max-width: 1024px) 100vw, 1024px\" \/><\/a><figcaption class=\"wp-element-caption\">Barclay de Tollyn mausoleumi. Kuva: Sven Za\u010dek<\/figcaption><\/figure>\n<\/div>\n<\/div>\n\n\n\n<div class=\"wp-block-columns is-layout-flex wp-container-core-columns-is-layout-9d6595d7 wp-block-columns-is-layout-flex\">\n<div class=\"wp-block-column is-layout-flow wp-block-column-is-layout-flow\">\n<figure class=\"wp-block-image size-large\"><a href=\"https:\/\/visitviljandi.ee\/wp-content\/uploads\/2024\/01\/Wagenkyll-loss-veeb-PANO0021-11-Pano-Edit.jpg\"><img loading=\"lazy\" decoding=\"async\" width=\"1024\" height=\"379\" src=\"https:\/\/visitviljandi.ee\/wp-content\/uploads\/2024\/01\/Wagenkyll-loss-veeb-PANO0021-11-Pano-Edit-1024x379.jpg\" alt=\"Taageperan kartano. \nKuva: Rene Tu\u0308rk\" class=\"wp-image-321815\" srcset=\"https:\/\/visitviljandi.ee\/wp-content\/uploads\/2024\/01\/Wagenkyll-loss-veeb-PANO0021-11-Pano-Edit-1024x379.jpg 1024w, https:\/\/visitviljandi.ee\/wp-content\/uploads\/2024\/01\/Wagenkyll-loss-veeb-PANO0021-11-Pano-Edit-300x111.jpg 300w, https:\/\/visitviljandi.ee\/wp-content\/uploads\/2024\/01\/Wagenkyll-loss-veeb-PANO0021-11-Pano-Edit-768x284.jpg 768w, https:\/\/visitviljandi.ee\/wp-content\/uploads\/2024\/01\/Wagenkyll-loss-veeb-PANO0021-11-Pano-Edit-1536x569.jpg 1536w, https:\/\/visitviljandi.ee\/wp-content\/uploads\/2024\/01\/Wagenkyll-loss-veeb-PANO0021-11-Pano-Edit.jpg 1920w\" sizes=\"auto, (max-width: 1024px) 100vw, 1024px\" \/><\/a><figcaption class=\"wp-element-caption\">Taageperan kartano. \nKuva: Rene Tu\u0308rk<\/figcaption><\/figure>\n<\/div>\n\n\n\n<div class=\"wp-block-column is-layout-flow wp-block-column-is-layout-flow\">\n<figure class=\"wp-block-image size-large\"><a href=\"https:\/\/visitviljandi.ee\/wp-content\/uploads\/2024\/01\/Screenshot-2024-01-15-at-10.40.46.jpg\"><img loading=\"lazy\" decoding=\"async\" width=\"1024\" height=\"676\" src=\"https:\/\/visitviljandi.ee\/wp-content\/uploads\/2024\/01\/Screenshot-2024-01-15-at-10.40.46-1024x676.jpg\" alt=\"Holdren kartano ja Viron pianomuseo. Kuva: Magnus Heinmets x Visit Estonia\" class=\"wp-image-321821\" srcset=\"https:\/\/visitviljandi.ee\/wp-content\/uploads\/2024\/01\/Screenshot-2024-01-15-at-10.40.46-1024x676.jpg 1024w, https:\/\/visitviljandi.ee\/wp-content\/uploads\/2024\/01\/Screenshot-2024-01-15-at-10.40.46-300x198.jpg 300w, https:\/\/visitviljandi.ee\/wp-content\/uploads\/2024\/01\/Screenshot-2024-01-15-at-10.40.46-768x507.jpg 768w, https:\/\/visitviljandi.ee\/wp-content\/uploads\/2024\/01\/Screenshot-2024-01-15-at-10.40.46-1536x1014.jpg 1536w, https:\/\/visitviljandi.ee\/wp-content\/uploads\/2024\/01\/Screenshot-2024-01-15-at-10.40.46.jpg 1920w\" sizes=\"auto, (max-width: 1024px) 100vw, 1024px\" \/><\/a><figcaption class=\"wp-element-caption\">Holdren kartano ja Viron pianomuseo. Kuva: Magnus Heinmets x Visit Estonia<\/figcaption><\/figure>\n<\/div>\n<\/div>\n\n\n\n<div class=\"wp-block-columns is-layout-flex wp-container-core-columns-is-layout-9d6595d7 wp-block-columns-is-layout-flex\">\n<div class=\"wp-block-column is-layout-flow wp-block-column-is-layout-flow\"><\/div>\n\n\n\n<div class=\"wp-block-column is-layout-flow wp-block-column-is-layout-flow\"><\/div>\n<\/div>\n\n\n\n<hr class=\"wp-block-separator has-alpha-channel-opacity\"\/>\n\n\n\n<h3 class=\"wp-block-heading\"><strong>L\u00f6yd\u00e4 Keski-Viro &amp; Viljandin maakunta!<\/strong><\/h3>\n\n\n\n<p>Matkailuinfo puhelimessasi:<br><a href=\"https:\/\/visitviljandi.ee\/fi\/\" target=\"_blank\" rel=\"noreferrer noopener\">https:\/\/visitviljandi.ee\/fi\/ <\/a><br><a href=\"https:\/\/visitjarva.ee\/?lang=en\" target=\"_blank\" rel=\"noreferrer noopener\">https:\/\/visitjarva.ee\/?lang=en<\/a><br><a href=\"https:\/\/visitpoltsamaa.com\/\" target=\"_blank\" rel=\"noreferrer noopener\">https:\/\/visitpoltsamaa.com\/<\/a><br><a href=\"https:\/\/visittorva.ee\/en\/\" target=\"_blank\" rel=\"noreferrer noopener\">https:\/\/visittorva.ee\/en\/<\/a><\/p>\n\n\n\n<hr class=\"wp-block-separator has-alpha-channel-opacity\"\/>\n\n\n\n<p><a href=\"https:\/\/visitviljandi.ee\/wp-content\/uploads\/2024\/01\/Matka2024_booklet.pdf\" data-type=\"link\" data-id=\"https:\/\/visitviljandi.ee\/wp-content\/uploads\/2023\/10\/Matkamessi-booklet-5-1.pdf\" target=\"_blank\" rel=\"noreferrer noopener\">Lataa esite<\/a> (PDF).<\/p>\n\n\n\n<div class=\"wp-block-columns is-layout-flex wp-container-core-columns-is-layout-9d6595d7 wp-block-columns-is-layout-flex\">\n<div class=\"wp-block-column is-layout-flow wp-block-column-is-layout-flow\">\n<figure class=\"wp-block-image\"><a href=\"https:\/\/visitviljandi.ee\/wp-content\/uploads\/2022\/10\/RJK-kleebised_30x170_2016.jpg\"><img loading=\"lazy\" decoding=\"async\" width=\"997\" height=\"176\" src=\"https:\/\/visitviljandi.ee\/wp-content\/uploads\/2022\/10\/RJK-kleebised_30x170_2016.jpg\" alt=\"\" class=\"wp-image-133031\" srcset=\"https:\/\/visitviljandi.ee\/wp-content\/uploads\/2022\/10\/RJK-kleebised_30x170_2016.jpg 997w, https:\/\/visitviljandi.ee\/wp-content\/uploads\/2022\/10\/RJK-kleebised_30x170_2016-300x53.jpg 300w, https:\/\/visitviljandi.ee\/wp-content\/uploads\/2022\/10\/RJK-kleebised_30x170_2016-768x136.jpg 768w\" sizes=\"auto, (max-width: 997px) 100vw, 997px\" \/><\/a><\/figure>\n\n\n\n<figure class=\"wp-block-image\"><a href=\"https:\/\/visitviljandi.ee\/wp-content\/uploads\/2023\/01\/MAK-logo-nimega-002.png\"><img loading=\"lazy\" decoding=\"async\" width=\"1024\" height=\"537\" src=\"https:\/\/visitviljandi.ee\/wp-content\/uploads\/2023\/01\/MAK-logo-nimega-002-1024x537.png\" alt=\"Mulgimaa Arenduskoda\" class=\"wp-image-146383\" srcset=\"https:\/\/visitviljandi.ee\/wp-content\/uploads\/2023\/01\/MAK-logo-nimega-002-1024x537.png 1024w, https:\/\/visitviljandi.ee\/wp-content\/uploads\/2023\/01\/MAK-logo-nimega-002-300x157.png 300w, https:\/\/visitviljandi.ee\/wp-content\/uploads\/2023\/01\/MAK-logo-nimega-002-768x403.png 768w, https:\/\/visitviljandi.ee\/wp-content\/uploads\/2023\/01\/MAK-logo-nimega-002.png 1053w\" sizes=\"auto, (max-width: 1024px) 100vw, 1024px\" \/><\/a><\/figure>\n<\/div>\n\n\n\n<div class=\"wp-block-column is-layout-flow wp-block-column-is-layout-flow\"><\/div>\n<\/div>\n","protected":false},"excerpt":{"rendered":"<p>Olemme l\u00e4hell\u00e4 &#8211; kuljetpa autolla,py\u00f6r\u00e4ll\u00e4, junalla tai bussilla! P\u00c4IV\u00c4RETKI JUNALLA TALLINNASTA TALLINNA &#8211; T\u00dcRI 1 h 30 min TALLINNA &#8211; VILJANDI 2h 8 min P\u00c4IV\u00c4RETKI AUTOLLA TALLINNASTA TALLINNA &#8211; PAIDE 1 h TALLINNA &#8211; P\u00d5LTSAMAA 1 h 50 min TALLINNA &#8211; VILJANDI 1 h 50 min TALLINN &#8211; T\u00d5RVA 2 h 30 min Monipuolinen historia, [&hellip;]<\/p>\n","protected":false},"author":4,"featured_media":0,"parent":0,"menu_order":0,"comment_status":"closed","ping_status":"closed","template":"","meta":{"_acf_changed":false,"inline_featured_image":false,"footnotes":""},"class_list":["post-319981","page","type-page","status-publish","hentry"],"acf":[],"_links":{"self":[{"href":"https:\/\/visitviljandi.ee\/fi\/wp-json\/wp\/v2\/pages\/319981","targetHints":{"allow":["GET"]}}],"collection":[{"href":"https:\/\/visitviljandi.ee\/fi\/wp-json\/wp\/v2\/pages"}],"about":[{"href":"https:\/\/visitviljandi.ee\/fi\/wp-json\/wp\/v2\/types\/page"}],"author":[{"embeddable":true,"href":"https:\/\/visitviljandi.ee\/fi\/wp-json\/wp\/v2\/users\/4"}],"replies":[{"embeddable":true,"href":"https:\/\/visitviljandi.ee\/fi\/wp-json\/wp\/v2\/comments?post=319981"}],"version-history":[{"count":35,"href":"https:\/\/visitviljandi.ee\/fi\/wp-json\/wp\/v2\/pages\/319981\/revisions"}],"predecessor-version":[{"id":328337,"href":"https:\/\/visitviljandi.ee\/fi\/wp-json\/wp\/v2\/pages\/319981\/revisions\/328337"}],"wp:attachment":[{"href":"https:\/\/visitviljandi.ee\/fi\/wp-json\/wp\/v2\/media?parent=319981"}],"curies":[{"name":"wp","href":"https:\/\/api.w.org\/{rel}","templated":true}]}}