{"id":565002,"date":"2026-04-10T15:25:38","date_gmt":"2026-04-10T12:25:38","guid":{"rendered":"https:\/\/visitviljandi.ee\/kultuurikava_sundmused\/tantsunadal-2026-unustatud-unistuste-pehme-kaar\/"},"modified":"2026-04-27T15:35:02","modified_gmt":"2026-04-27T12:35:02","slug":"tantsunadal-2026-unustatud-unistuste-pehme-kaar","status":"publish","type":"tkka_event","link":"https:\/\/visitviljandi.ee\/en\/kultuurikava_sundmused\/tantsunadal-2026-unustatud-unistuste-pehme-kaar\/","title":{"rendered":"Tantsun\u00e4dal 2026: \u201cUnustatud unistuste pehme kaar\u201d"},"content":{"rendered":"<p>Unistused on kaduvad.<br \/>Kuni \u00fcheksak\u00fcmmend viis protsenti neist hajub minutitega.<br \/>\n\u00d6eldakse, et enamik kaob. Hajub esimese valguse k\u00e4es. Mis siis kui see, mida me ei m\u00e4leta, ei kao p\u00e4riselt. See vajub s\u00fcgavamale. Sinna, kus on praod. Meie sees on paigad\u2026m\u00f5ralised, toored, poolunes ja poolvalguses. Kord nad p\u00f5lesid. Kord nad n\u00f5udsid. Kord nad sundisid keha n\u00e4lga tundma. Kui me liigume, kui me kukume, kui me sirutame k\u00e4e millegi poole, m\u00e4letab keha seda, mida m\u00f5istus on otsustanud unustada.<br \/>\nToas on hele vari. Sellel lebab midagi, mille ma kunagi maha j\u00e4tsin. V\u00f5ib-olla unen\u00e4gu. V\u00f5ib-olla sosin. Ma ei tea. Ma ei l\u00e4he vaatama.<br \/>\nKas sa veel unistad?<br \/>\nV\u00f5i ainult teeskled?<\/p>\n<p>T\u00e4na hommikul ma r\u00e4\u00e4kisin oma unistustega,<br \/>\nja nad vastasid.<\/p>\n<p>Laureen Laari esimene kaasaegse tantsu soololavastus.<\/p>\n<p>Lavastaja ja etendaja: Laureen Laar<br \/>\nMentor ja dramaturgiline abi: Kati Kivitar<br \/>\nValgus: Sasha Mirson<br \/>\nKaamera: Sten-Johan Lill<\/p>\n","protected":false},"featured_media":0,"template":"","meta":{"_acf_changed":false,"inline_featured_image":false},"class_list":["post-565002","tkka_event","type-tkka_event","status-publish","hentry"],"acf":[],"_links":{"self":[{"href":"https:\/\/visitviljandi.ee\/en\/wp-json\/wp\/v2\/tkka_event\/565002","targetHints":{"allow":["GET"]}}],"collection":[{"href":"https:\/\/visitviljandi.ee\/en\/wp-json\/wp\/v2\/tkka_event"}],"about":[{"href":"https:\/\/visitviljandi.ee\/en\/wp-json\/wp\/v2\/types\/tkka_event"}],"wp:attachment":[{"href":"https:\/\/visitviljandi.ee\/en\/wp-json\/wp\/v2\/media?parent=565002"}],"curies":[{"name":"wp","href":"https:\/\/api.w.org\/{rel}","templated":true}]}}