{"id":564998,"date":"2026-04-10T15:25:38","date_gmt":"2026-04-10T12:25:38","guid":{"rendered":"https:\/\/visitviljandi.ee\/kultuurikava_sundmused\/tantsunadal-2026-varia\/"},"modified":"2026-04-26T15:35:01","modified_gmt":"2026-04-26T12:35:01","slug":"tantsunadal-2026-varia","status":"publish","type":"tkka_event","link":"https:\/\/visitviljandi.ee\/en\/kultuurikava_sundmused\/tantsunadal-2026-varia\/","title":{"rendered":"Tantsun\u00e4dal 2026: &#8220;Varia&#8221;"},"content":{"rendered":"<p>\u201cVaria\u201d \/ Elle Viies ja T\u00dc Viljandi kultuuriakadeemia III kursuse tantsukunsti spetsialistid ja koreograafid<br \/>26. aprill 19:00 T\u00dc VKA mustas saalis<\/p>\n<p>\u201eVaria\u201d asub keele ja koreograafia ristumiskohas. Lavastuse alguspunktiks on Keelefilosoofiline Girlband, kes uurib, kuidas tekst ja tants \u00fcksteist m\u00f5jutavad ja kujundavad. K\u00f5ik, mida nad puudutavad, muutub mikrofoniks. Tants, mida nad \u00fcmisevad, ei illustreeri teksti, vaid eksisteerib sellega paralleelselt. \u201eVaria\u201d on karkudel katse leida t\u00e4hendust sealt, kus seda pole, ja koorida t\u00e4hendust sealt, kus seda on liialt. \u00dcks samm teise j\u00e4rel, Valguse poole.<\/p>\n<p>Autorid: Elle Viies ja Viljandi Kultuuriakadeemia 3. kursuse tantsukunsti spetsialistid ja koreograafid<br \/>\nEtendajad: Agnes Katariina Selirand, Katrin-Liis Seppenen, Anette Merisalu, Aleks Mathias Viidik, Andreana Ambros, Annabel S\u00f5lg, Emma Lumi, Kertu V\u00e4hi, Lotta Laureen Loo, Iris R\u00e4mmeld<br \/>\nVideokujundus: Oosip M\u00e4gi<br \/>\nValguskujundus: Indrek Purge, Karl Herman \u00d5is<br \/>\nLavastaja abiline: Daili Kruusam\u00e4gi<br \/>\nHelitehnik: Kaur Hannes K\u00e4\u00e4mbre<br \/>\nEsietendus: 13. Veebruar 2026 T\u00dc Viljandi kultuuriakadeemia mustas saalis<\/p>\n<p>Pildi autor: Andreana Ambros<\/p>\n","protected":false},"featured_media":0,"template":"","meta":{"_acf_changed":false,"inline_featured_image":false},"class_list":["post-564998","tkka_event","type-tkka_event","status-publish","hentry"],"acf":[],"_links":{"self":[{"href":"https:\/\/visitviljandi.ee\/en\/wp-json\/wp\/v2\/tkka_event\/564998","targetHints":{"allow":["GET"]}}],"collection":[{"href":"https:\/\/visitviljandi.ee\/en\/wp-json\/wp\/v2\/tkka_event"}],"about":[{"href":"https:\/\/visitviljandi.ee\/en\/wp-json\/wp\/v2\/types\/tkka_event"}],"wp:attachment":[{"href":"https:\/\/visitviljandi.ee\/en\/wp-json\/wp\/v2\/media?parent=564998"}],"curies":[{"name":"wp","href":"https:\/\/api.w.org\/{rel}","templated":true}]}}