{"id":574020,"date":"2026-08-31T03:35:02","date_gmt":"2026-08-31T00:35:02","guid":{"rendered":"https:\/\/visitviljandi.ee\/kultuurikava_sundmused\/viljandi-743-sunnipaev-2\/"},"modified":"2026-09-02T03:35:02","modified_gmt":"2026-09-02T00:35:02","slug":"viljandi-743-sunnipaev-2","status":"publish","type":"tkka_event","link":"https:\/\/visitviljandi.ee\/de\/kultuurikava_sundmused\/viljandi-743-sunnipaev-2\/","title":{"rendered":"Viljandi 743 s\u00fcnnip\u00e4ev"},"content":{"rendered":"<p>19.\u201320. september toob kaasa r\u00f5\u00f5mu, muusikat, maitseelamusi ja koosolemise r\u00f5\u00f5mu \u2013 Viljandi t\u00e4histab oma 743. s\u00fcnnip\u00e4eva!<br \/>\u2728 Laup\u00e4ev, 19. september \u2013 s\u00fcnnip\u00e4eva avab kell 11 Parandusfestival, mis toob T\u00dc Viljandi kultuuriakadeemia Vilma majja, Sakala keskusesse ja nende \u00fcmbrusesse p\u00f5nevad t\u00f6\u00f6toad, arutelud ja tegemised, mis innustavad kestlikumalt tarbima ja loovamalt parandama.<br \/>S\u00fcndmuse info:<br \/>https:\/\/www.facebook.com\/events\/949463191476326?<br \/>\u2728 P\u00fchap\u00e4ev, 20. september \u2013 toimub traditsiooniline Pikalauapidu algusega kell 11.<br \/>Seekord seatakse, s\u00fcnnip\u00e4eva auks, pikk laud \u00fcles \u00fchte linna kaunimasse paika \u2013 Filosoofide alleele Viljandi lossim\u00e4gedes.<br \/>\nKuna t\u00e4navune pidu toimub P\u00e4rimusmuusika aida vahetus l\u00e4heduses, on peop\u00e4evas tavap\u00e4rasest enam pillim\u00e4ngu ja p\u00e4rimusest kantud tegemisi.<br \/>\n\ud83d\udc9aToimub isetehtud pillide \u00f5pituba, Viljandimaa puhkpilliorkestri puhkpilliproov k\u00f5ikidele huvilistele, linnuminutite tuur Viljandi Lossim\u00e4gedes, p\u00e4randtoiduaastale p\u00fchendatud m\u00e4ngud ja tegevused.<br \/>\n\ud83c\udf53 Peolistele on avatud meie toidup\u00e4randist inspireeritud kohvik Stefi toidud.<br \/>\n\ud83c\udfb5 Kell 14 astub Filosoofide alleel lavale Sten-Olle.<br \/>\n\ud83d\udc9aTule ja t\u00e4hista koos meiega \u2013 olgu see parandusfestivali avastusrohkus v\u00f5i pikalaua muusikapidu, Viljandi s\u00fcnnip\u00e4ev on just see aeg, mil kokku tulla ja \u00fcheskoos r\u00f5\u00f5mu jagada!<br \/>\n\ud83d\udc49 Pane kuup\u00e4evad kalendrisse ja jaga s\u00f5braga \u2013 ootame sind!<br \/>\nS\u00fcndmuse korraldajateks : Sakala Keskus, Tule \u00d5ue, P\u00e4randilinn Viljandi, Eesti P\u00e4rimusmuusika Keskus, Loov Viljandi, Viljandimaa Puhkpilliorkester, Viljandi linn.<\/p>\n","protected":false},"featured_media":0,"template":"","meta":{"_acf_changed":false,"inline_featured_image":false},"class_list":["post-574020","tkka_event","type-tkka_event","status-publish","hentry"],"acf":[],"_links":{"self":[{"href":"https:\/\/visitviljandi.ee\/de\/wp-json\/wp\/v2\/tkka_event\/574020","targetHints":{"allow":["GET"]}}],"collection":[{"href":"https:\/\/visitviljandi.ee\/de\/wp-json\/wp\/v2\/tkka_event"}],"about":[{"href":"https:\/\/visitviljandi.ee\/de\/wp-json\/wp\/v2\/types\/tkka_event"}],"wp:attachment":[{"href":"https:\/\/visitviljandi.ee\/de\/wp-json\/wp\/v2\/media?parent=574020"}],"curies":[{"name":"wp","href":"https:\/\/api.w.org\/{rel}","templated":true}]}}