{"id":574004,"date":"2026-08-28T15:35:02","date_gmt":"2026-08-28T12:35:02","guid":{"rendered":"https:\/\/visitviljandi.ee\/kultuurikava_sundmused\/veera-lauk-isikunaitus-pliiats-ja-sormkubar\/"},"modified":"2026-09-05T03:35:02","modified_gmt":"2026-09-05T00:35:02","slug":"veera-lauk-isikunaitus-pliiats-ja-sormkubar","status":"publish","type":"tkka_event","link":"https:\/\/visitviljandi.ee\/de\/kultuurikava_sundmused\/veera-lauk-isikunaitus-pliiats-ja-sormkubar\/","title":{"rendered":"Veera Lauk isikun\u00e4itus &#8220; Pliiats ja s\u00f5rmk\u00fcbar&#8220;"},"content":{"rendered":"<p>Kunstnik Veera Lauk toob oma isikun\u00e4itusele erilised, v\u00e4\u00e4rikad, s\u00fcdamlikud ning k\u00f6itvad ekspositsioonid. <br \/>N\u00e4itus kutsub meid meenutama, m\u00e4letama ja tunnetama aegade h\u00f5ngu &#8211; et mitte unustada. <br \/>\nEkspositsioonidena on n\u00e4itusel koduperenaiste ja laste k\u00e4tet\u00f6\u00f6na valminud kaunid linikud, tikitud tekstidega seinakatted, millel ilusate unen\u00e4gude ja kodusoojuse soovid.<br \/>\nLisaks veel valgest puuvillasest riidest varspistes tikitud seinak\u00e4ter\u00e4tid, mida toreda kombekohaselt kasutusel olevate r\u00e4tikute ette kaunistuseks riputati.<br \/>\nN\u00e4ituselt leiab leidlikke lahendusi aegadest, mil majandusliku olukorra keerukuse t\u00f5ttu oli kangavalik napp. Kasutusele v\u00f5eti nii jahust vabanenud riidekotid, kui ka kulunud voodilinade servad, mis k\u00f5ik otstarbekalt \u00e4ra kasutati.<br \/>\nN\u00e4itusel olevad seinar\u00e4tid on Veera Lauk hankinud kirbukatelt ja antiigipoodidest Soomest.<\/p>\n<p>\u201eSoomes kasutati enamasti sinist mulinee niiti, Rootsis punast. Pilt tikandile valiti k\u00e4sit\u00f6\u00f6ajakirjast v\u00f5i kopeeriti tuttava k\u00e4est, tema valminud k\u00e4sit\u00f6\u00f6lt. Minu sooviks on tuua s\u00e4ilinud tikandid esile uues ilmes, et \u00e4ratada huvi m\u00f6\u00f6dunud aegadel loodud ilusale n\u00e4put\u00f6\u00f6le\u201c- m\u00f5tiskleb Veera Lauk.<\/p>\n<p>N\u00e4ituset\u00f6\u00f6sid on kunstnik esitlenud ka &#8222;Uppsala Galleri&#8220; Rootsis 2025.aastal ja &#8222;Ilonasalo&#8220; galeriis Soomes 2025. aastal. <\/p>\n<p>N\u00e4itus on avatud kuni  30. oktoobrini 2026.<\/p>\n","protected":false},"featured_media":0,"template":"","meta":{"_acf_changed":false,"inline_featured_image":false},"class_list":["post-574004","tkka_event","type-tkka_event","status-publish","hentry"],"acf":[],"_links":{"self":[{"href":"https:\/\/visitviljandi.ee\/de\/wp-json\/wp\/v2\/tkka_event\/574004","targetHints":{"allow":["GET"]}}],"collection":[{"href":"https:\/\/visitviljandi.ee\/de\/wp-json\/wp\/v2\/tkka_event"}],"about":[{"href":"https:\/\/visitviljandi.ee\/de\/wp-json\/wp\/v2\/types\/tkka_event"}],"wp:attachment":[{"href":"https:\/\/visitviljandi.ee\/de\/wp-json\/wp\/v2\/media?parent=574004"}],"curies":[{"name":"wp","href":"https:\/\/api.w.org\/{rel}","templated":true}]}}