{"id":573991,"date":"2026-08-27T15:35:01","date_gmt":"2026-08-27T12:35:01","guid":{"rendered":"https:\/\/visitviljandi.ee\/kultuurikava_sundmused\/eiko-ojala-naitus-meele-markused\/"},"modified":"2026-09-01T15:35:01","modified_gmt":"2026-09-01T12:35:01","slug":"eiko-ojala-naitus-meele-markused","status":"publish","type":"tkka_event","link":"https:\/\/visitviljandi.ee\/de\/kultuurikava_sundmused\/eiko-ojala-naitus-meele-markused\/","title":{"rendered":"Eiko Ojala n\u00e4itus &#8222;Meele m\u00e4rkused&#8220;"},"content":{"rendered":"<p>Rahvusvaheliselt tunnustatud illustraatori ja kunstniku Eiko Ojala esimene isikun\u00e4itus \u201cMeele m\u00e4rkused\u201d toob fookusesse tema loomingu v\u00e4hem eksponeeritud osa. N\u00e4itusel liigub Ojala \u00e4ratuntav visuaalne keel v\u00e4ljapoole illustratiivset funktsiooni ning keskendub ruumi, vormi ja ps\u00fchholoogiliste seisundite omavaheliste seoste kujutamisele.<br \/>\nSeeria keskmes on figuur, mida \u00fcmbritsevad geomeetrilised pinnad ning institutsionaalsetele v\u00f5i rangelt piiritletud interj\u00f6\u00f6ridele viitavad vormid. Kehad vajuvad, painduvad v\u00f5i surutakse vastu pindu, mis \u00fchtaegu toetavad ja piiravad nende liikumist.<\/p>\n<p>Ojala loomingule on iseloomulik materiaalselt m\u00f5juv digikollaa\u017eitehnika, mille kaudu kujutis omandab reljeefi, paberl\u00f5ike ja skulpturaalse vormi omadused. Esitletavas seerias nihkub r\u00f5hk narratiivselt kujutamiselt vaatlusele, kuidas ehitatud keskkond ja \u00fcmbritsev ruum vaikimisi kehasid organiseerivad, liikumist suunavad ning kuidas need n\u00e4htamatud s\u00fcsteemid inimese sisemaailma kujundavad.<\/p>\n<p>Eiko Ojala (1982) on rahvusvaheliselt tunnustatud illustraator, kelle t\u00f6id v\u00f5ib peamiselt n\u00e4ha nii Euroopa kui ka USA suuremate ja olulisemate ajalehtede ja ajakirjade kaantel ning veergudel. Oma t\u00f6\u00f6protsessis uurib ta vorme ning t\u00f6\u00f6tab tihedalt valguse ja varjuga. Selle juures p\u00fc\u00fcab hoida oma illustratsioonid v\u00f5imalikult minimaalsed ja l\u00e4bim\u00f5eldud ning \u00fchendada meisterliku k\u00e4sit\u00f6\u00f6oskuse selgete ja leidlike ideedega.<\/p>\n<p>Kunstnik t\u00e4nab: Lilian Hiob-K\u00fcttis, Ott Kangur, Siim Vahur, Villem S\u00e4re, Ville Ojala, Hugo Ojala ja Laura Ojala.<\/p>\n<p>N\u00e4itust toetab Eesti Kultuurkapital.<\/p>\n","protected":false},"featured_media":0,"template":"","meta":{"_acf_changed":false,"inline_featured_image":false},"class_list":["post-573991","tkka_event","type-tkka_event","status-publish","hentry"],"acf":[],"_links":{"self":[{"href":"https:\/\/visitviljandi.ee\/de\/wp-json\/wp\/v2\/tkka_event\/573991","targetHints":{"allow":["GET"]}}],"collection":[{"href":"https:\/\/visitviljandi.ee\/de\/wp-json\/wp\/v2\/tkka_event"}],"about":[{"href":"https:\/\/visitviljandi.ee\/de\/wp-json\/wp\/v2\/types\/tkka_event"}],"wp:attachment":[{"href":"https:\/\/visitviljandi.ee\/de\/wp-json\/wp\/v2\/media?parent=573991"}],"curies":[{"name":"wp","href":"https:\/\/api.w.org\/{rel}","templated":true}]}}